{"id":114189,"date":"2022-01-14T12:10:14","date_gmt":"2022-01-14T11:10:14","guid":{"rendered":"https:\/\/archiveparis.com\/sevmylook\/"},"modified":"2026-05-03T22:22:04","modified_gmt":"2026-05-03T20:22:04","slug":"sevmylook","status":"publish","type":"page","link":"https:\/\/archiveparis.com\/en\/","title":{"rendered":"ARCHIVE PARIS"},"content":{"rendered":"<div class=\"wpb-content-wrapper\">[vc_row et_full_width=&#8221;true&#8221; et_row_padding=&#8221;true&#8221;][vc_column offset=&#8221;vc_hidden-xs&#8221;]\n\t\t\t<!-- START Ordinateur REVOLUTION SLIDER 6.6.16 --><p class=\"rs-p-wp-fix\"><\/p>\n\t\t\t<rs-module-wrap id=\"rev_slider_1_1_wrapper\" data-source=\"gallery\" style=\"visibility:hidden;background:#0c0a0b;padding:0;\">\n\t\t\t\t<rs-module id=\"rev_slider_1_1\" style=\"\" data-version=\"6.6.16\">\n\t\t\t\t\t<rs-slides style=\"overflow: hidden; position: absolute;\">\n\t\t\t\t\t\t<rs-slide style=\"position: absolute;\" data-key=\"rs-22\" data-title=\"Creative\" data-anim=\"adpr:false;ms:2300;p:dark;\" data-in=\"o:0;\" data-out=\"o:0;\" data-p1=\"01\">\n\t\t\t\t\t\t\t<img data-recalc-dims=\"1\" decoding=\"async\" src=\"https:\/\/i0.wp.com\/archiveparis.com\/wp-content\/plugins\/revslider\/public\/assets\/assets\/dummy.png?resize=1140%2C570\" alt=\"\" title=\"freepik__two-ultrafeminine-ultra-beauty-scandinave-american__4761\" width=\"1140\" height=\"570\" class=\"rev-slidebg tp-rs-img rs-lazyload\" data-lazyload=\"\/\/archiveparis.com\/wp-content\/uploads\/2025\/06\/freepik__two-ultrafeminine-ultra-beauty-scandinave-american__4761-scaled.png\" data-bg=\"p:0% 30%;\" data-no-retina>\n<!--\n\t\t\t\t\t\t\t--><rs-layer\n\t\t\t\t\t\t\t\tid=\"slider-1-slide-22-layer-2\" \n\t\t\t\t\t\t\t\tclass=\"Creative-Title\"\n\t\t\t\t\t\t\t\tdata-type=\"text\"\n\t\t\t\t\t\t\t\tdata-color=\"#ffffff||rgba(255,255,255,1)||rgba(255,255,255,1)||rgba(255,255,255,1)\"\n\t\t\t\t\t\t\t\tdata-rsp_ch=\"on\"\n\t\t\t\t\t\t\t\tdata-xy=\"x:c;y:m;yo:57px,24px,-10px,-10px;\"\n\t\t\t\t\t\t\t\tdata-text=\"s:82,70,50,50;l:87,70,55,55;a:center;\"\n\t\t\t\t\t\t\t\tdata-frame_0=\"y:50px;tp:0px;\"\n\t\t\t\t\t\t\t\tdata-frame_1=\"tp:0px;e:power3.out;st:2550;sp:1500;\"\n\t\t\t\t\t\t\t\tdata-frame_999=\"x:0;y:0;z:0;sX:0.9;sY:0.9;o:0;rX:0;rY:0;rZ:0;skX:0;skY:0;tp:0px;st:w;sp:1000;\"\n\t\t\t\t\t\t\t\tstyle=\"z-index:7;font-family:'Playfair Display';\"\n\t\t\t\t\t\t\t> \n\t\t\t\t\t\t\t<\/rs-layer><!--\n\n\t\t\t\t\t\t\t--><h5\n\t\t\t\t\t\t\t\tid=\"slider-1-slide-22-layer-3\" \n\t\t\t\t\t\t\t\tclass=\"rs-layer Creative-SubTitle\"\n\t\t\t\t\t\t\t\tdata-type=\"text\"\n\t\t\t\t\t\t\t\tdata-rsp_ch=\"on\"\n\t\t\t\t\t\t\t\tdata-xy=\"x:c;y:m;yo:-8px,-8px,-81px,-81px;\"\n\t\t\t\t\t\t\t\tdata-text=\"s:14,14,11,11;l:14;ls:2px;a:center;\"\n\t\t\t\t\t\t\t\tdata-frame_0=\"y:50px;\"\n\t\t\t\t\t\t\t\tdata-frame_1=\"e:power3.out;st:2350;sp:1500;\"\n\t\t\t\t\t\t\t\tdata-frame_999=\"x:0;y:0;z:0;sX:0.9;sY:0.9;o:0;rX:0;rY:0;rZ:0;skX:0;skY:0;st:w;sp:1000;\"\n\t\t\t\t\t\t\t\tstyle=\"z-index:6;font-family:'Lato';text-transform:uppercase;\"\n\t\t\t\t\t\t\t> \n\t\t\t\t\t\t\t<\/h5><!--\n-->\t\t\t\t\t\t<\/rs-slide>\n\t\t\t\t\t<\/rs-slides>\n\t\t\t\t\t<rs-static-layers><!--\n\t\t\t\t\t--><\/rs-static-layers>\n\t\t\t\t<\/rs-module>\n\t\t\t\t<script>\n\t\t\t\t\tsetREVStartSize({c: 'rev_slider_1_1',rl:[1240,1024,778,778],el:[568,768,960,960],gw:[1240,1024,778,778],gh:[568,468,960,960],type:'hero',justify:'',layout:'fullscreen',offsetContainer:'',offset:'60px',mh:\"0\"});if (window.RS_MODULES!==undefined && window.RS_MODULES.modules!==undefined && window.RS_MODULES.modules[\"revslider11\"]!==undefined) {window.RS_MODULES.modules[\"revslider11\"].once = false;window.revapi1 = undefined;if (window.RS_MODULES.checkMinimal!==undefined) window.RS_MODULES.checkMinimal()}\n\t\t\t\t<\/script>\n\t\t\t<\/rs-module-wrap>\n\t\t\t<!-- END REVOLUTION SLIDER -->\n[\/vc_column][\/vc_row][vc_row et_full_width=&#8221;true&#8221; et_row_padding=&#8221;true&#8221;][vc_column offset=&#8221;vc_hidden-lg vc_hidden-md vc_hidden-sm&#8221;]\n\t\t\t<!-- START Mobile REVOLUTION SLIDER 6.6.16 --><p class=\"rs-p-wp-fix\"><\/p>\n\t\t\t<rs-module-wrap id=\"rev_slider_2_2_wrapper\" data-source=\"gallery\" style=\"visibility:hidden;background:#0c0a0b;padding:0;\">\n\t\t\t\t<rs-module id=\"rev_slider_2_2\" style=\"\" data-version=\"6.6.16\">\n\t\t\t\t\t<rs-slides style=\"overflow: hidden; position: absolute;\">\n\t\t\t\t\t\t<rs-slide style=\"position: absolute;\" data-key=\"rs-23\" data-title=\"Slide\" data-anim=\"adpr:false;\" data-in=\"o:0;\" data-out=\"a:false;\">\n\t\t\t\t\t\t\t<img data-recalc-dims=\"1\" decoding=\"async\" src=\"https:\/\/i0.wp.com\/archiveparis.com\/wp-content\/plugins\/revslider\/public\/assets\/assets\/dummy.png?resize=907%2C1094\" alt=\"\" title=\"freepik__two-ultrafeminine-ultra-metisse-bresilienne-aux-ye__43878-scaled 2\" width=\"907\" height=\"1094\" class=\"rev-slidebg tp-rs-img rs-lazyload\" data-lazyload=\"\/\/archiveparis.com\/wp-content\/uploads\/2025\/05\/freepik__two-ultrafeminine-ultra-metisse-bresilienne-aux-ye__43878-scaled-2.jpg\" data-bg=\"p:left bottom;\" data-parallax=\"off\" data-no-retina>\n<!---->\t\t\t\t\t\t<\/rs-slide>\n\t\t\t\t\t<\/rs-slides>\n\t\t\t\t\t<rs-static-layers><!--\n\t\t\t\t\t--><\/rs-static-layers>\n\t\t\t\t<\/rs-module>\n\t\t\t\t<script>\n\t\t\t\t\tsetREVStartSize({c: 'rev_slider_2_2',rl:[1240,1240,1240,480],el:[868,868,868,720],gw:[1240,1240,1240,1000],gh:[868,868,868,720],type:'standard',justify:'',layout:'fullscreen',offsetContainer:'',offset:'60px',mh:\"0\"});if (window.RS_MODULES!==undefined && window.RS_MODULES.modules!==undefined && window.RS_MODULES.modules[\"revslider22\"]!==undefined) {window.RS_MODULES.modules[\"revslider22\"].once = false;window.revapi2 = undefined;if (window.RS_MODULES.checkMinimal!==undefined) window.RS_MODULES.checkMinimal()}\n\t\t\t\t<\/script>\n\t\t\t<\/rs-module-wrap>\n\t\t\t<!-- END REVOLUTION SLIDER -->\n[\/vc_column][\/vc_row][vc_row et_full_width=&#8221;true&#8221; et_row_padding=&#8221;true&#8221; et_column_align=&#8221;align-center&#8221; el_class=&#8221;container&#8221; css=&#8221;.vc_custom_1777823415045{padding-top: 60px !important;}&#8221; el_id=&#8221;boxtext&#8221;][vc_column offset=&#8221;vc_hidden-sm vc_hidden-xs&#8221;][vc_column_text]<div class=\"evc-text-marquee \" style=\"font-size: 94px;font-style: italic\">\n\t<span class=\"evc-tm-element evc-tm-original\">Bio &amp; V\u00e9gan\u2022 Bio &amp; V\u00e9gan \u2022 Bio &amp; V\u00e9gan \u2022 Bio &amp; V\u00e9gan \u2022 Bio &amp; V\u00e9gan \u2022 Bio &amp; V\u00e9gan  \u2022 Bio &amp; V\u00e9gan \u2022 Bio &amp; V\u00e9gan \u2022 Bio &amp; V\u00e9gan \u2022 Bio &amp; V\u00e9gan \u2022 Bio &amp; V\u00e9gan \u2022 Bio &amp; V\u00e9gan \u2022 Bio &amp; V\u00e9gan \u2022 Bio &amp; V\u00e9gan \u2022 Bio &amp; V\u00e9gan \u2022 Bio &amp; V\u00e9gan \u2022 Bio &amp; V\u00e9gan \u2022 Bio &amp; V\u00e9gan \u2022 Bio &amp; V\u00e9gan \u2022 Bio &amp; V\u00e9gan \u2022 Bio &amp; V\u00e9gan<\/span>\n\t<span class=\"evc-tm-element evc-tm-aux\">Bio &amp; V\u00e9gan\u2022 Bio &amp; V\u00e9gan \u2022 Bio &amp; V\u00e9gan \u2022 Bio &amp; V\u00e9gan \u2022 Bio &amp; V\u00e9gan \u2022 Bio &amp; V\u00e9gan  \u2022 Bio &amp; V\u00e9gan \u2022 Bio &amp; V\u00e9gan \u2022 Bio &amp; V\u00e9gan \u2022 Bio &amp; V\u00e9gan \u2022 Bio &amp; V\u00e9gan \u2022 Bio &amp; V\u00e9gan \u2022 Bio &amp; V\u00e9gan \u2022 Bio &amp; V\u00e9gan \u2022 Bio &amp; V\u00e9gan \u2022 Bio &amp; V\u00e9gan \u2022 Bio &amp; V\u00e9gan \u2022 Bio &amp; V\u00e9gan \u2022 Bio &amp; V\u00e9gan \u2022 Bio &amp; V\u00e9gan \u2022 Bio &amp; V\u00e9gan<\/span>\n<\/div>\n[\/vc_column_text][\/vc_column][\/vc_row][vc_row et_full_width=&#8221;true&#8221; et_row_padding=&#8221;true&#8221; et_column_align=&#8221;align-center&#8221; el_class=&#8221;container&#8221; css=&#8221;.vc_custom_1777823408474{padding-top: 60px !important;}&#8221; el_id=&#8221;intro&#8221;][vc_column][vc_row_inner et_row_padding=&#8221;true&#8221; el_class=&#8221;min-container&#8221;][vc_column_inner el_class=&#8221;left&#8221; width=&#8221;1\/4&#8243;][\/vc_column_inner][vc_column_inner width=&#8221;1\/2&#8243;][vc_column_text el_class=&#8221;titlescript&#8221;]\n<p style=\"text-align: center;\">ARCHIVE PARIS<\/p>\n<div id=\"gtx-trans\" style=\"position: absolute; left: 320px; top: -9px;\">\n<div class=\"gtx-trans-icon\"><\/div>\n<\/div>\n[\/vc_column_text][vc_column_text]\n<h1 style=\"text-align: center;\">Archive Paris. L\u00e0 o\u00f9 la beaut\u00e9 devient \u00e9motion.<\/h1>\n<div id=\"gtx-trans\" style=\"position: absolute; left: 90px; top: -1.0625px;\">\n<div class=\"gtx-trans-icon\"><\/div>\n<\/div>\n[\/vc_column_text][\/vc_column_inner][vc_column_inner el_class=&#8221;right&#8221; width=&#8221;1\/4&#8243;][\/vc_column_inner][\/vc_row_inner][\/vc_column][\/vc_row][vc_row css=&#8221;.vc_custom_1777823388374{padding-bottom: 40px !important;}&#8221; el_class=&#8221;hidden-xs containerblock&#8221; el_id=&#8221;box&#8221;][vc_column width=&#8221;1\/3&#8243; css=&#8221;.vc_custom_1777830963518{margin-top: 10px !important;margin-bottom: 10px !important;background-image: url(https:\/\/archiveparis.com\/wp-content\/uploads\/2026\/05\/aW1hZ2U9L2dhbGxlcnktcGhvdG9zL0FuMllHSkxqcmk2VHRyVlpHSzVnVDUtT1dCT3VidFZ5LmpwZyZ3aWR0aD01ODY.jpeg?id=119751) !important;background-position: center !important;background-repeat: no-repeat !important;background-size: cover !important;}&#8221;][vc_empty_space height=&#8221;350px&#8221;][vc_column_text]\n<h1 style=\"text-align: center; font-size: 28px;\">Engagements<\/h1>\n[\/vc_column_text][vc_btn title=&#8221;D\u00e9couvrir&#8221; shape=&#8221;square&#8221; color=&#8221;white&#8221; align=&#8221;center&#8221; link=&#8221;url:https%3A%2F%2Farchiveparis.com%2Fnos-engagements%2F|title:Contact&#8221;][vc_empty_space height=&#8221;50px&#8221;][\/vc_column][vc_column width=&#8221;1\/3&#8243; css=&#8221;.vc_custom_1777830977803{margin-top: 10px !important;margin-bottom: 10px !important;background-image: url(https:\/\/archiveparis.com\/wp-content\/uploads\/2026\/05\/typologyparis_1633105215_2675002863465381338_8301162763.jpg?id=119745) !important;background-position: center !important;background-repeat: no-repeat !important;background-size: cover !important;}&#8221;][vc_empty_space height=&#8221;350px&#8221;][vc_column_text]\n<h1 style=\"text-align: center; font-size: 28px;\">Boutique<\/h1>\n[\/vc_column_text][vc_btn title=&#8221;D\u00e9couvrir&#8221; shape=&#8221;square&#8221; color=&#8221;white&#8221; align=&#8221;center&#8221; link=&#8221;url:https%3A%2F%2Farchiveparis.com%2Fboutique%2F|title:Collections|target:_blank&#8221;][vc_empty_space height=&#8221;50px&#8221;][\/vc_column][vc_column width=&#8221;1\/3&#8243; css=&#8221;.vc_custom_1777830951237{margin-top: 10px !important;margin-bottom: 10px !important;background-image: url(https:\/\/archiveparis.com\/wp-content\/uploads\/2026\/05\/typologyparis_1598793981_2387179396996882104_8301162763.jpg?id=119741) !important;background-position: center !important;background-repeat: no-repeat !important;background-size: cover !important;}&#8221;][vc_empty_space height=&#8221;350px&#8221;][vc_column_text]\n<h1 style=\"text-align: center;\">Concept<\/h1>\n[\/vc_column_text][vc_btn title=&#8221;D\u00e9couvrir&#8221; shape=&#8221;square&#8221; color=&#8221;white&#8221; align=&#8221;center&#8221; link=&#8221;url:https%3A%2F%2Farchiveparis.com%2Fconcept%2F|title:Concept&#8221;][vc_empty_space height=&#8221;50px&#8221;][\/vc_column][\/vc_row][vc_row][vc_column][vc_tta_tabs alignment=&#8221;center&#8221; active_section=&#8221;1&#8243;][vc_tta_section title=&#8221;Gamme SkinCare&#8221; tab_id=&#8221;1777023659747-70659005-377e&#8221;]<div class=\"woocommerce columns-4 \">\n<ul class=\"products row et-main-products hover-animation-zoom-jump et-shop-show-variations show-rating\" data-columns=\"4\" data-mobile-columns=\"2\" data-navigation=\"true\" data-pagination=\"true\" data-layoutmode=\"packery\">\n<li class=\"item et-listing-style1 col-6 col-sm-6 col-md-4 col-lg-3 small_grid_5 product type-product post-119596 status-publish first instock product_cat-skin has-post-thumbnail taxable shipping-taxable purchasable product-type-simple\">\n\t<div class=\"product-inner animation bottom-to-top\">\n\t\t<figure class=\"product_thumbnail \">  \n\t\t<a href=\"https:\/\/archiveparis.com\/product\/creme-de-jour-hydratante\/\" title=\"Cr\u00e8me de jour hydratante\"><img data-recalc-dims=\"1\" loading=\"lazy\" decoding=\"async\" width=\"1140\" height=\"1512\" src=\"https:\/\/i0.wp.com\/archiveparis.com\/wp-content\/uploads\/2026\/04\/FRONT-WITH-BOX_high_res-46-scaled.jpg?resize=1140%2C1512&#038;ssl=1\" class=\"main-image skip-lazy wp-post-image\" alt=\"\" srcset=\"https:\/\/i0.wp.com\/archiveparis.com\/wp-content\/uploads\/2026\/04\/FRONT-WITH-BOX_high_res-46-scaled.jpg?w=1930&amp;ssl=1 1930w, https:\/\/i0.wp.com\/archiveparis.com\/wp-content\/uploads\/2026\/04\/FRONT-WITH-BOX_high_res-46-scaled.jpg?resize=226%2C300&amp;ssl=1 226w, https:\/\/i0.wp.com\/archiveparis.com\/wp-content\/uploads\/2026\/04\/FRONT-WITH-BOX_high_res-46-scaled.jpg?resize=772%2C1024&amp;ssl=1 772w, https:\/\/i0.wp.com\/archiveparis.com\/wp-content\/uploads\/2026\/04\/FRONT-WITH-BOX_high_res-46-scaled.jpg?resize=768%2C1019&amp;ssl=1 768w, https:\/\/i0.wp.com\/archiveparis.com\/wp-content\/uploads\/2026\/04\/FRONT-WITH-BOX_high_res-46-scaled.jpg?resize=1158%2C1536&amp;ssl=1 1158w, https:\/\/i0.wp.com\/archiveparis.com\/wp-content\/uploads\/2026\/04\/FRONT-WITH-BOX_high_res-46-scaled.jpg?resize=1544%2C2048&amp;ssl=1 1544w, https:\/\/i0.wp.com\/archiveparis.com\/wp-content\/uploads\/2026\/04\/FRONT-WITH-BOX_high_res-46-scaled.jpg?resize=113%2C150&amp;ssl=1 113w, https:\/\/i0.wp.com\/archiveparis.com\/wp-content\/uploads\/2026\/04\/FRONT-WITH-BOX_high_res-46-scaled.jpg?resize=900%2C1194&amp;ssl=1 900w\" sizes=\"auto, (max-width: 1140px) 100vw, 1140px\" \/><\/a>\n\t\t\t\t<div class=\"actions-wrapper\">\n\t\t\t<div class=\"actions-inner\">\n\t\t\t\t\t\t\t\t\t\t\t\t\t\t\t<\/div>\n\t\t<\/div>\n\t<\/figure>\n\t<div class=\"caption\">\n\t\t<div class=\"product-title\">\n\t\t\t<h3><a class=\"product-link\" href=\"https:\/\/archiveparis.com\/product\/creme-de-jour-hydratante\/\" title=\"Cr\u00e8me de jour hydratante\">Cr\u00e8me de jour hydratante<\/a><\/h3>\n\t\t\tloop\t\t<\/div>\n\t\t\n\t\t<div class=\"product_after_title\">\n\n\t\t\t<div class=\"product_after_shop_loop_price\">\n\t\t\t\t\n\t<span class=\"price\"><span class=\"woocommerce-Price-amount amount\"><bdi>30&nbsp;<span class=\"woocommerce-Price-currencySymbol\">&euro;<\/span><\/bdi><\/span><\/span>\n       \n       <div id=\"lystes-product-block\">\n           <div class=\"rating\">\n               \u2605\u2605\u2605\u2605\u2605 <span class=\"reviews\">(17)<\/span>\n           <\/div>\n           <ul class=\"benefits\">\n               <li><\/li>\n               <li><\/li>\n           <\/ul>\n       <\/div>\n   \n       <div id=\"wc-stripe-bnpl-shop-msg-119596\" class=\"wc-stripe-bnpl-shop-message\"><\/div>\t\t\t<\/div>\n\n\t\t\t<div class=\"product-excerpt\">\n\t\t\t\t<p class=\"font-claude-response-body break-words whitespace-normal leading-[1.7]\">R\u00e9v\u00e9lez l&#8217;\u00e9clat de votre peau avec cette cr\u00e8me de jour \u00e0 la texture soyeuse et p\u00e9n\u00e9tration rapide. Enrichie en acide hyaluronique multi-poids mol\u00e9culaire et bisabolol apaisant, elle offre une hydratation intense et durable pour une peau velout\u00e9e, repulp\u00e9e et prot\u00e9g\u00e9e tout au long de la journ\u00e9e. L&#8217;extrait de sorbier riche en antioxydants pr\u00e9serve votre jeunesse en luttant contre les agressions environnementales. Son d\u00e9licat parfum de m\u00e9lisse aux notes florales sublime votre rituel beaut\u00e9 matinal.<\/p>\n<ul class=\"[li_&amp;]:mb-0 [li_&amp;]:mt-1 [li_&amp;]:gap-1 [&amp;:not(:last-child)_ul]:pb-1 [&amp;:not(:last-child)_ol]:pb-1 list-disc flex flex-col gap-1 pl-8 mb-3\">\n<li class=\"whitespace-normal break-words pl-2\"><strong>Hydratation intense multi-niveaux<\/strong> \u2013 L&#8217;acide hyaluronique de diff\u00e9rents poids mol\u00e9culaires hydrate en profondeur et en surface pour une peau repulp\u00e9e, lisse et confortable toute la journ\u00e9e<\/li>\n<li class=\"whitespace-normal break-words pl-2\"><strong>Protection antioxydante<\/strong> \u2013 Les extraits de sorbier, m\u00fbre et framboise prot\u00e8gent la peau des radicaux libres et des agressions environnementales pour pr\u00e9server son \u00e9clat et sa jeunesse<\/li>\n<li class=\"whitespace-normal break-words pl-2\"><strong>Formule clean certifi\u00e9e naturelle<\/strong> \u2013 V\u00e9g\u00e9talienne, sans gluten, sans noix, enrichie en jus d&#8217;alo\u00e8s et huile de jojoba pour nourrir sans alourdir<\/li>\n<\/ul>\n\t\t\t<\/div>\n\n\t\t\t<div class=\"after_shop_loop_actions\">\n\n\t\t\t\t    \n   \n    <div class=\"wpb_wrapper\" style=\"display: flex;padding-top: 10px;padding-bottom: 10px; height:38px;\">\n      <div class=\"wpb_text_column wpb_content_element text-promo ou\">\n        <div class=\"wpb_wrapper\">\n          <p style=\"font-family: 'futuralightbt';font-size: 9px!important;padding-top: 2px;font-weight: 100;\">Or<\/p>\n        <\/div>\n      <\/div>\n      <div class=\"wpb_text_column wpb_content_element text-promo pricing\">\n        <div class=\"wpb_wrapper\">\n          <p style=\"font-size: 15px;color: #000;letter-spacing: -1px;padding-left: 0;font-family: Jost;padding-top: 0px;\">3<\/p>\n        <\/div>\n      <\/div>\n      <div class=\"wpb_text_column wpb_content_element text-promo euro\">\n        <div class=\"wpb_wrapper\">\n          <p style=\"padding-top: 3px;color: #000;margin-top: 0px;position: absolute;margin-left: 2px;font-size: 11px;\">\u20ac<\/p>\n        <\/div>\n      <\/div>\n      <div class=\"wpb_text_column wpb_content_element text-promo mois\">\n        <div class=\"wpb_wrapper\">\n          <p style=\"padding-top: 0;margin-left: 11px;color: #000;margin-top: 2px;font-size: 8px;font-weight: 100;\">\/month for 10 months (excl. fees)<\/p>\n        <\/div>\n      <\/div>\n    <\/div>\n    <div id=\"et-button-6209e6b254e92\" class=\"et_btn_align_left\">\n      <a href=\"https:\/\/archiveparis.com\/product\/creme-de-jour-hydratante\/\" class=\"et_btn button et_btn_md solid color-\" role=\"button\" title=\"\" tabindex=\"0\"><span>Pay up to 10 installments<\/span><\/a>\n    <\/div>\n    <a href=\"\/en\/wp-json\/wp\/v2\/pages\/114189?add-to-cart=119596\" data-quantity=\"1\" class=\"button product_type_simple add_to_cart_button ajax_add_to_cart\" data-product_id=\"119596\" data-product_sku=\"\" aria-label=\"Add to cart: &ldquo;Cr\u00e8me de jour hydratante&rdquo;\" rel=\"nofollow\" data-success_message=\"&ldquo;Cr\u00e8me de jour hydratante&rdquo; has been added to your cart\" role=\"button\"><span class=\"text\">Add to cart<\/span><span class=\"icon\"><span class=\"et-icon et-shopping-bag\"><\/span><\/span><\/a>\t\t\t<\/div>\n\n\t\t<\/div>\n\n\t\t\n\t<\/div>\n\n\t<\/div>\n\n<\/li>\n<li class=\"item et-listing-style1 col-6 col-sm-6 col-md-4 col-lg-3 small_grid_5 product type-product post-119614 status-publish instock product_cat-skin has-post-thumbnail taxable shipping-taxable purchasable product-type-simple\">\n\t<div class=\"product-inner animation bottom-to-top\">\n\t\t<figure class=\"product_thumbnail \">  \n\t\t<a href=\"https:\/\/archiveparis.com\/product\/creme-hydratante-pour-peaux-sensibles\/\" title=\"Cr\u00e8me hydratante pour peaux sensibles\"><img data-recalc-dims=\"1\" loading=\"lazy\" decoding=\"async\" width=\"1140\" height=\"1512\" src=\"https:\/\/i0.wp.com\/archiveparis.com\/wp-content\/uploads\/2026\/04\/FRONT-WITH-BOX_high_res-47-scaled.jpg?resize=1140%2C1512&#038;ssl=1\" class=\"main-image skip-lazy wp-post-image\" alt=\"\" srcset=\"https:\/\/i0.wp.com\/archiveparis.com\/wp-content\/uploads\/2026\/04\/FRONT-WITH-BOX_high_res-47-scaled.jpg?w=1930&amp;ssl=1 1930w, https:\/\/i0.wp.com\/archiveparis.com\/wp-content\/uploads\/2026\/04\/FRONT-WITH-BOX_high_res-47-scaled.jpg?resize=226%2C300&amp;ssl=1 226w, https:\/\/i0.wp.com\/archiveparis.com\/wp-content\/uploads\/2026\/04\/FRONT-WITH-BOX_high_res-47-scaled.jpg?resize=772%2C1024&amp;ssl=1 772w, https:\/\/i0.wp.com\/archiveparis.com\/wp-content\/uploads\/2026\/04\/FRONT-WITH-BOX_high_res-47-scaled.jpg?resize=768%2C1019&amp;ssl=1 768w, https:\/\/i0.wp.com\/archiveparis.com\/wp-content\/uploads\/2026\/04\/FRONT-WITH-BOX_high_res-47-scaled.jpg?resize=1158%2C1536&amp;ssl=1 1158w, https:\/\/i0.wp.com\/archiveparis.com\/wp-content\/uploads\/2026\/04\/FRONT-WITH-BOX_high_res-47-scaled.jpg?resize=1544%2C2048&amp;ssl=1 1544w, https:\/\/i0.wp.com\/archiveparis.com\/wp-content\/uploads\/2026\/04\/FRONT-WITH-BOX_high_res-47-scaled.jpg?resize=113%2C150&amp;ssl=1 113w, https:\/\/i0.wp.com\/archiveparis.com\/wp-content\/uploads\/2026\/04\/FRONT-WITH-BOX_high_res-47-scaled.jpg?resize=900%2C1194&amp;ssl=1 900w\" sizes=\"auto, (max-width: 1140px) 100vw, 1140px\" \/><\/a>\n\t\t\t\t<div class=\"actions-wrapper\">\n\t\t\t<div class=\"actions-inner\">\n\t\t\t\t\t\t\t\t\t\t\t\t\t\t\t<\/div>\n\t\t<\/div>\n\t<\/figure>\n\t<div class=\"caption\">\n\t\t<div class=\"product-title\">\n\t\t\t<h3><a class=\"product-link\" href=\"https:\/\/archiveparis.com\/product\/creme-hydratante-pour-peaux-sensibles\/\" title=\"Cr\u00e8me hydratante pour peaux sensibles\">Cr\u00e8me hydratante pour peaux sensibles<\/a><\/h3>\n\t\t\tloop\t\t<\/div>\n\t\t\n\t\t<div class=\"product_after_title\">\n\n\t\t\t<div class=\"product_after_shop_loop_price\">\n\t\t\t\t\n\t<span class=\"price\"><span class=\"woocommerce-Price-amount amount\"><bdi>36&nbsp;<span class=\"woocommerce-Price-currencySymbol\">&euro;<\/span><\/bdi><\/span><\/span>\n       \n       <div id=\"lystes-product-block\">\n           <div class=\"rating\">\n               \u2605\u2605\u2605\u2605\u2605 <span class=\"reviews\">(20)<\/span>\n           <\/div>\n           <ul class=\"benefits\">\n               <li><\/li>\n               <li><\/li>\n           <\/ul>\n       <\/div>\n   \n       <div id=\"wc-stripe-bnpl-shop-msg-119614\" class=\"wc-stripe-bnpl-shop-message\"><\/div>\t\t\t<\/div>\n\n\t\t\t<div class=\"product-excerpt\">\n\t\t\t\t<p class=\"font-claude-response-body break-words whitespace-normal leading-[1.7]\">La solution apaisante id\u00e9ale pour les peaux r\u00e9actives et sujettes aux rougeurs. Cette cr\u00e8me certifi\u00e9e biologique et sans parfum combine jus d&#8217;alo\u00e8s, acide hyaluronique et huile de jojoba pour hydrater intens\u00e9ment tout en calmant les irritations. Sa formule minimaliste et ultra-tol\u00e9rante respecte les peaux les plus d\u00e9licates pour un confort imm\u00e9diat et durable.<\/p>\n<ul class=\"[li_&amp;]:mb-0 [li_&amp;]:mt-1 [li_&amp;]:gap-1 [&amp;:not(:last-child)_ul]:pb-1 [&amp;:not(:last-child)_ol]:pb-1 list-disc flex flex-col gap-1 pl-8 mb-3\">\n<li class=\"whitespace-normal break-words pl-2\"><strong>Apaisement et r\u00e9duction des rougeurs<\/strong> \u2013 Le jus d&#8217;alo\u00e8s et le PCA de sodium calment instantan\u00e9ment les irritations, r\u00e9duisent les rougeurs et restaurent la barri\u00e8re cutan\u00e9e fragilis\u00e9e<\/li>\n<li class=\"whitespace-normal break-words pl-2\"><strong>Hydratation intense et durable<\/strong> \u2013 L&#8217;acide hyaluronique retient l&#8217;eau dans la peau tandis que l&#8217;huile de jojoba nourrit sans alourdir pour un confort toute la journ\u00e9e<\/li>\n<li class=\"whitespace-normal break-words pl-2\"><strong>Formule ultra-clean et hypoallerg\u00e9nique<\/strong> \u2013 Certifi\u00e9e bio, v\u00e9g\u00e9talienne, sans parfum, sans allerg\u00e8nes \u00e9tiquet\u00e9s, sans gluten, sans noix : tol\u00e9rance maximale pour les peaux les plus sensibles<\/li>\n<\/ul>\n\t\t\t<\/div>\n\n\t\t\t<div class=\"after_shop_loop_actions\">\n\n\t\t\t\t    \n   \n    <div class=\"wpb_wrapper\" style=\"display: flex;padding-top: 10px;padding-bottom: 10px; height:38px;\">\n      <div class=\"wpb_text_column wpb_content_element text-promo ou\">\n        <div class=\"wpb_wrapper\">\n          <p style=\"font-family: 'futuralightbt';font-size: 9px!important;padding-top: 2px;font-weight: 100;\">Or<\/p>\n        <\/div>\n      <\/div>\n      <div class=\"wpb_text_column wpb_content_element text-promo pricing\">\n        <div class=\"wpb_wrapper\">\n          <p style=\"font-size: 15px;color: #000;letter-spacing: -1px;padding-left: 0;font-family: Jost;padding-top: 0px;\">4<\/p>\n        <\/div>\n      <\/div>\n      <div class=\"wpb_text_column wpb_content_element text-promo euro\">\n        <div class=\"wpb_wrapper\">\n          <p style=\"padding-top: 3px;color: #000;margin-top: 0px;position: absolute;margin-left: 2px;font-size: 11px;\">\u20ac<\/p>\n        <\/div>\n      <\/div>\n      <div class=\"wpb_text_column wpb_content_element text-promo mois\">\n        <div class=\"wpb_wrapper\">\n          <p style=\"padding-top: 0;margin-left: 11px;color: #000;margin-top: 2px;font-size: 8px;font-weight: 100;\">\/month for 10 months (excl. fees)<\/p>\n        <\/div>\n      <\/div>\n    <\/div>\n    <div id=\"et-button-6209e6b254e92\" class=\"et_btn_align_left\">\n      <a href=\"https:\/\/archiveparis.com\/product\/creme-hydratante-pour-peaux-sensibles\/\" class=\"et_btn button et_btn_md solid color-\" role=\"button\" title=\"\" tabindex=\"0\"><span>Pay up to 10 installments<\/span><\/a>\n    <\/div>\n    <a href=\"\/en\/wp-json\/wp\/v2\/pages\/114189?add-to-cart=119614\" data-quantity=\"1\" class=\"button product_type_simple add_to_cart_button ajax_add_to_cart\" data-product_id=\"119614\" data-product_sku=\"\" aria-label=\"Add to cart: &ldquo;Cr\u00e8me hydratante pour peaux sensibles&rdquo;\" rel=\"nofollow\" data-success_message=\"&ldquo;Cr\u00e8me hydratante pour peaux sensibles&rdquo; has been added to your cart\" role=\"button\"><span class=\"text\">Add to cart<\/span><span class=\"icon\"><span class=\"et-icon et-shopping-bag\"><\/span><\/span><\/a>\t\t\t<\/div>\n\n\t\t<\/div>\n\n\t\t\n\t<\/div>\n\n\t<\/div>\n\n<\/li>\n<li class=\"item et-listing-style1 col-6 col-sm-6 col-md-4 col-lg-3 small_grid_5 product type-product post-119630 status-publish instock product_cat-skin has-post-thumbnail taxable shipping-taxable purchasable product-type-simple\">\n\t<div class=\"product-inner animation bottom-to-top\">\n\t\t<figure class=\"product_thumbnail \">  \n\t\t<a href=\"https:\/\/archiveparis.com\/product\/serum-eclat-a-la-vitamine-c\/\" title=\"S\u00e9rum \u00c9clat \u00e0 la Vitamine C\"><img data-recalc-dims=\"1\" loading=\"lazy\" decoding=\"async\" width=\"1140\" height=\"1512\" src=\"https:\/\/i0.wp.com\/archiveparis.com\/wp-content\/uploads\/2026\/04\/FRONT-WITH-BOX_high_res-51-scaled.jpg?resize=1140%2C1512&#038;ssl=1\" class=\"main-image skip-lazy wp-post-image\" alt=\"\" srcset=\"https:\/\/i0.wp.com\/archiveparis.com\/wp-content\/uploads\/2026\/04\/FRONT-WITH-BOX_high_res-51-scaled.jpg?w=1930&amp;ssl=1 1930w, https:\/\/i0.wp.com\/archiveparis.com\/wp-content\/uploads\/2026\/04\/FRONT-WITH-BOX_high_res-51-scaled.jpg?resize=226%2C300&amp;ssl=1 226w, https:\/\/i0.wp.com\/archiveparis.com\/wp-content\/uploads\/2026\/04\/FRONT-WITH-BOX_high_res-51-scaled.jpg?resize=772%2C1024&amp;ssl=1 772w, https:\/\/i0.wp.com\/archiveparis.com\/wp-content\/uploads\/2026\/04\/FRONT-WITH-BOX_high_res-51-scaled.jpg?resize=768%2C1019&amp;ssl=1 768w, https:\/\/i0.wp.com\/archiveparis.com\/wp-content\/uploads\/2026\/04\/FRONT-WITH-BOX_high_res-51-scaled.jpg?resize=1158%2C1536&amp;ssl=1 1158w, https:\/\/i0.wp.com\/archiveparis.com\/wp-content\/uploads\/2026\/04\/FRONT-WITH-BOX_high_res-51-scaled.jpg?resize=1544%2C2048&amp;ssl=1 1544w, https:\/\/i0.wp.com\/archiveparis.com\/wp-content\/uploads\/2026\/04\/FRONT-WITH-BOX_high_res-51-scaled.jpg?resize=113%2C150&amp;ssl=1 113w, https:\/\/i0.wp.com\/archiveparis.com\/wp-content\/uploads\/2026\/04\/FRONT-WITH-BOX_high_res-51-scaled.jpg?resize=900%2C1194&amp;ssl=1 900w\" sizes=\"auto, (max-width: 1140px) 100vw, 1140px\" \/><\/a>\n\t\t\t\t<div class=\"actions-wrapper\">\n\t\t\t<div class=\"actions-inner\">\n\t\t\t\t\t\t\t\t\t\t\t\t\t\t\t<\/div>\n\t\t<\/div>\n\t<\/figure>\n\t<div class=\"caption\">\n\t\t<div class=\"product-title\">\n\t\t\t<h3><a class=\"product-link\" href=\"https:\/\/archiveparis.com\/product\/serum-eclat-a-la-vitamine-c\/\" title=\"S\u00e9rum \u00c9clat \u00e0 la Vitamine C\">S\u00e9rum \u00c9clat \u00e0 la Vitamine C<\/a><\/h3>\n\t\t\tloop\t\t<\/div>\n\t\t\n\t\t<div class=\"product_after_title\">\n\n\t\t\t<div class=\"product_after_shop_loop_price\">\n\t\t\t\t\n\t<span class=\"price\"><span class=\"woocommerce-Price-amount amount\"><bdi>35&nbsp;<span class=\"woocommerce-Price-currencySymbol\">&euro;<\/span><\/bdi><\/span><\/span>\n       \n       <div id=\"lystes-product-block\">\n           <div class=\"rating\">\n               \u2605\u2605\u2605\u2605\u2605 <span class=\"reviews\">(17)<\/span>\n           <\/div>\n           <ul class=\"benefits\">\n               <li><\/li>\n               <li><\/li>\n           <\/ul>\n       <\/div>\n   \n       <div id=\"wc-stripe-bnpl-shop-msg-119630\" class=\"wc-stripe-bnpl-shop-message\"><\/div>\t\t\t<\/div>\n\n\t\t\t<div class=\"product-excerpt\">\n\t\t\t\t<p class=\"font-claude-response-body break-words whitespace-normal leading-[1.7]\">R\u00e9v\u00e9lez l&#8217;\u00e9clat naturel de votre peau avec ce s\u00e9rum concentr\u00e9 en vitamine C stabilis\u00e9e (2% Ascorbylglucoside) et acide f\u00e9rulique. Sa formule l\u00e9g\u00e8re unifie le teint, raffermit la peau et stimule l&#8217;hydratation gr\u00e2ce \u00e0 l&#8217;acide hyaluronique. Enrichi en huiles pr\u00e9cieuses (jojoba, rose musqu\u00e9e, amande, avocat), il nourrit et adoucit pour une peau visiblement plus jeune et lumineuse. Son d\u00e9licat parfum de mandarine aux notes florales transforme votre routine en un moment de plaisir.<\/p>\n<ul class=\"[li_&amp;]:mb-0 [li_&amp;]:mt-1 [li_&amp;]:gap-1 [&amp;:not(:last-child)_ul]:pb-1 [&amp;:not(:last-child)_ol]:pb-1 list-disc flex flex-col gap-1 pl-8 mb-3\">\n<li class=\"whitespace-normal break-words pl-2\"><strong>\u00c9clat et anti-\u00e2ge<\/strong> \u2013 La vitamine C naturelle stabilis\u00e9e et l&#8217;acide f\u00e9rulique (1%) luttent contre les signes du vieillissement, uniformisent le teint et r\u00e9duisent les taches pigmentaires pour une peau radieuse<\/li>\n<li class=\"whitespace-normal break-words pl-2\"><strong>Hydratation et repulpement<\/strong> \u2013 L&#8217;acide hyaluronique et le PCA de sodium retiennent l&#8217;eau dans la peau pour un effet rebond imm\u00e9diat et une peau liss\u00e9e, repulp\u00e9e<\/li>\n<li class=\"whitespace-normal break-words pl-2\"><strong>Nutrition intense<\/strong> \u2013 Le cocktail d&#8217;huiles pr\u00e9cieuses (rose musqu\u00e9e, avocat, jojoba, amande, bourdaine) nourrit, adoucit et renforce la barri\u00e8re cutan\u00e9e sans alourdir<\/li>\n<\/ul>\n<p class=\"font-claude-response-body break-words whitespace-normal leading-[1.7]\"><strong>Formule certifi\u00e9e naturelle<\/strong> \u2013 V\u00e9g\u00e9talienne, sans gluten, pour un soin clean et efficace \u00e0 appliquer matin et\/ou soir sur peau nettoy\u00e9e<\/p>\n\t\t\t<\/div>\n\n\t\t\t<div class=\"after_shop_loop_actions\">\n\n\t\t\t\t    \n   \n    <div class=\"wpb_wrapper\" style=\"display: flex;padding-top: 10px;padding-bottom: 10px; height:38px;\">\n      <div class=\"wpb_text_column wpb_content_element text-promo ou\">\n        <div class=\"wpb_wrapper\">\n          <p style=\"font-family: 'futuralightbt';font-size: 9px!important;padding-top: 2px;font-weight: 100;\">Or<\/p>\n        <\/div>\n      <\/div>\n      <div class=\"wpb_text_column wpb_content_element text-promo pricing\">\n        <div class=\"wpb_wrapper\">\n          <p style=\"font-size: 15px;color: #000;letter-spacing: -1px;padding-left: 0;font-family: Jost;padding-top: 0px;\">4<\/p>\n        <\/div>\n      <\/div>\n      <div class=\"wpb_text_column wpb_content_element text-promo euro\">\n        <div class=\"wpb_wrapper\">\n          <p style=\"padding-top: 3px;color: #000;margin-top: 0px;position: absolute;margin-left: 2px;font-size: 11px;\">\u20ac<\/p>\n        <\/div>\n      <\/div>\n      <div class=\"wpb_text_column wpb_content_element text-promo mois\">\n        <div class=\"wpb_wrapper\">\n          <p style=\"padding-top: 0;margin-left: 11px;color: #000;margin-top: 2px;font-size: 8px;font-weight: 100;\">\/month for 10 months (excl. fees)<\/p>\n        <\/div>\n      <\/div>\n    <\/div>\n    <div id=\"et-button-6209e6b254e92\" class=\"et_btn_align_left\">\n      <a href=\"https:\/\/archiveparis.com\/product\/serum-eclat-a-la-vitamine-c\/\" class=\"et_btn button et_btn_md solid color-\" role=\"button\" title=\"\" tabindex=\"0\"><span>Pay up to 10 installments<\/span><\/a>\n    <\/div>\n    <a href=\"\/en\/wp-json\/wp\/v2\/pages\/114189?add-to-cart=119630\" data-quantity=\"1\" class=\"button product_type_simple add_to_cart_button ajax_add_to_cart\" data-product_id=\"119630\" data-product_sku=\"\" aria-label=\"Add to cart: &ldquo;S\u00e9rum \u00c9clat \u00e0 la Vitamine C&rdquo;\" rel=\"nofollow\" data-success_message=\"&ldquo;S\u00e9rum \u00c9clat \u00e0 la Vitamine C&rdquo; has been added to your cart\" role=\"button\"><span class=\"text\">Add to cart<\/span><span class=\"icon\"><span class=\"et-icon et-shopping-bag\"><\/span><\/span><\/a>\t\t\t<\/div>\n\n\t\t<\/div>\n\n\t\t\n\t<\/div>\n\n\t<\/div>\n\n<\/li>\n<li class=\"item et-listing-style1 col-6 col-sm-6 col-md-4 col-lg-3 small_grid_5 product type-product post-119620 status-publish last instock product_cat-skin has-post-thumbnail taxable shipping-taxable purchasable product-type-simple\">\n\t<div class=\"product-inner animation bottom-to-top\">\n\t\t<figure class=\"product_thumbnail \">  \n\t\t<a href=\"https:\/\/archiveparis.com\/product\/serum-naturel-a-base-dhuile-alternative-au-retinol-bio\/\" title=\"S\u00e9rum Naturel \u00e0 Base d&#8217;Huile \u2013 Alternative au R\u00e9tinol\"><img data-recalc-dims=\"1\" loading=\"lazy\" decoding=\"async\" width=\"1140\" height=\"1512\" src=\"https:\/\/i0.wp.com\/archiveparis.com\/wp-content\/uploads\/2026\/04\/FRONT-WITH-BOX_high_res-49-scaled.jpg?resize=1140%2C1512&#038;ssl=1\" class=\"main-image skip-lazy wp-post-image\" alt=\"\" srcset=\"https:\/\/i0.wp.com\/archiveparis.com\/wp-content\/uploads\/2026\/04\/FRONT-WITH-BOX_high_res-49-scaled.jpg?w=1930&amp;ssl=1 1930w, https:\/\/i0.wp.com\/archiveparis.com\/wp-content\/uploads\/2026\/04\/FRONT-WITH-BOX_high_res-49-scaled.jpg?resize=226%2C300&amp;ssl=1 226w, https:\/\/i0.wp.com\/archiveparis.com\/wp-content\/uploads\/2026\/04\/FRONT-WITH-BOX_high_res-49-scaled.jpg?resize=772%2C1024&amp;ssl=1 772w, https:\/\/i0.wp.com\/archiveparis.com\/wp-content\/uploads\/2026\/04\/FRONT-WITH-BOX_high_res-49-scaled.jpg?resize=768%2C1019&amp;ssl=1 768w, https:\/\/i0.wp.com\/archiveparis.com\/wp-content\/uploads\/2026\/04\/FRONT-WITH-BOX_high_res-49-scaled.jpg?resize=1158%2C1536&amp;ssl=1 1158w, https:\/\/i0.wp.com\/archiveparis.com\/wp-content\/uploads\/2026\/04\/FRONT-WITH-BOX_high_res-49-scaled.jpg?resize=1544%2C2048&amp;ssl=1 1544w, https:\/\/i0.wp.com\/archiveparis.com\/wp-content\/uploads\/2026\/04\/FRONT-WITH-BOX_high_res-49-scaled.jpg?resize=113%2C150&amp;ssl=1 113w, https:\/\/i0.wp.com\/archiveparis.com\/wp-content\/uploads\/2026\/04\/FRONT-WITH-BOX_high_res-49-scaled.jpg?resize=900%2C1194&amp;ssl=1 900w\" sizes=\"auto, (max-width: 1140px) 100vw, 1140px\" \/><\/a>\n\t\t\t\t<div class=\"actions-wrapper\">\n\t\t\t<div class=\"actions-inner\">\n\t\t\t\t\t\t\t\t\t\t\t\t\t\t\t<\/div>\n\t\t<\/div>\n\t<\/figure>\n\t<div class=\"caption\">\n\t\t<div class=\"product-title\">\n\t\t\t<h3><a class=\"product-link\" href=\"https:\/\/archiveparis.com\/product\/serum-naturel-a-base-dhuile-alternative-au-retinol-bio\/\" title=\"S\u00e9rum Naturel \u00e0 Base d&#8217;Huile \u2013 Alternative au R\u00e9tinol\">S\u00e9rum Naturel \u00e0 Base d&#8217;Huile \u2013 Alternative au R\u00e9tinol<\/a><\/h3>\n\t\t\tloop\t\t<\/div>\n\t\t\n\t\t<div class=\"product_after_title\">\n\n\t\t\t<div class=\"product_after_shop_loop_price\">\n\t\t\t\t\n\t<span class=\"price\"><span class=\"woocommerce-Price-amount amount\"><bdi>33&nbsp;<span class=\"woocommerce-Price-currencySymbol\">&euro;<\/span><\/bdi><\/span><\/span>\n       \n       <div id=\"lystes-product-block\">\n           <div class=\"rating\">\n               \u2605\u2605\u2605\u2605\u2605 <span class=\"reviews\">(18)<\/span>\n           <\/div>\n           <ul class=\"benefits\">\n               <li><\/li>\n               <li><\/li>\n           <\/ul>\n       <\/div>\n   \n       <div id=\"wc-stripe-bnpl-shop-msg-119620\" class=\"wc-stripe-bnpl-shop-message\"><\/div>\t\t\t<\/div>\n\n\t\t\t<div class=\"product-excerpt\">\n\t\t\t\t<p class=\"font-claude-response-body break-words whitespace-normal leading-[1.7]\">L&#8217;alternative naturelle et douce au r\u00e9tinol pour une peau rajeunie sans irritation. Ce s\u00e9rum multifonction concentr\u00e9 en bakuchiol et cynorrhodon (rose musqu\u00e9e) agit pendant la nuit pour r\u00e9duire visiblement les ridules et offrir \u00e0 votre peau fermet\u00e9, souplesse et \u00e9clat. Son cocktail d&#8217;huiles pr\u00e9cieuses de baies (framboise, fraise, myrtille) et d&#8217;onagre nourrit intens\u00e9ment sans alourdir. \u00c0 appliquer chaque soir sur peau nettoy\u00e9e pour un effet anti-\u00e2ge progressif. Son \u00e9l\u00e9gant parfum de rose aux notes \u00e9pic\u00e9es et bois\u00e9es sublime votre rituel beaut\u00e9 nocturne.<\/p>\n<ul class=\"[li_&amp;]:mb-0 [li_&amp;]:mt-1 [li_&amp;]:gap-1 [&amp;:not(:last-child)_ul]:pb-1 [&amp;:not(:last-child)_ol]:pb-1 list-disc flex flex-col gap-1 pl-8 mb-3\">\n<li class=\"whitespace-normal break-words pl-2\"><strong>Anti-\u00e2ge doux et efficace<\/strong> \u2013 Le bakuchiol, alternative naturelle au r\u00e9tinol, stimule le renouvellement cellulaire et r\u00e9duit les ridules sans irritation, parfait pour les peaux sensibles<\/li>\n<li class=\"whitespace-normal break-words pl-2\"><strong>R\u00e9g\u00e9n\u00e9ration et fermet\u00e9<\/strong> \u2013 L&#8217;huile de rose musqu\u00e9e riche en vitamine A et acides gras essentiels r\u00e9g\u00e9n\u00e8re la peau, am\u00e9liore son \u00e9lasticit\u00e9 et att\u00e9nue les signes du vieillissement<\/li>\n<li class=\"whitespace-normal break-words pl-2\"><strong>Nutrition intense nocturne<\/strong> \u2013 Le cocktail d&#8217;huiles de baies antioxydantes (framboise, fraise, myrtille) et d&#8217;onagre nourrit, r\u00e9pare et prot\u00e8ge pendant le sommeil pour un r\u00e9veil \u00e9clatant<\/li>\n<\/ul>\n<p class=\"font-claude-response-body break-words whitespace-normal leading-[1.7]\"><strong>Formule certifi\u00e9e bio<\/strong> \u2013 V\u00e9g\u00e9talienne, sans gluten, sans noix, 99% d&#8217;origine naturelle, 61% bio \u2013 Votre rituel anti-\u00e2ge naturel pour une peau transform\u00e9e<\/p>\n\t\t\t<\/div>\n\n\t\t\t<div class=\"after_shop_loop_actions\">\n\n\t\t\t\t    \n   \n    <div class=\"wpb_wrapper\" style=\"display: flex;padding-top: 10px;padding-bottom: 10px; height:38px;\">\n      <div class=\"wpb_text_column wpb_content_element text-promo ou\">\n        <div class=\"wpb_wrapper\">\n          <p style=\"font-family: 'futuralightbt';font-size: 9px!important;padding-top: 2px;font-weight: 100;\">Or<\/p>\n        <\/div>\n      <\/div>\n      <div class=\"wpb_text_column wpb_content_element text-promo pricing\">\n        <div class=\"wpb_wrapper\">\n          <p style=\"font-size: 15px;color: #000;letter-spacing: -1px;padding-left: 0;font-family: Jost;padding-top: 0px;\">3<\/p>\n        <\/div>\n      <\/div>\n      <div class=\"wpb_text_column wpb_content_element text-promo euro\">\n        <div class=\"wpb_wrapper\">\n          <p style=\"padding-top: 3px;color: #000;margin-top: 0px;position: absolute;margin-left: 2px;font-size: 11px;\">\u20ac<\/p>\n        <\/div>\n      <\/div>\n      <div class=\"wpb_text_column wpb_content_element text-promo mois\">\n        <div class=\"wpb_wrapper\">\n          <p style=\"padding-top: 0;margin-left: 11px;color: #000;margin-top: 2px;font-size: 8px;font-weight: 100;\">\/month for 10 months (excl. fees)<\/p>\n        <\/div>\n      <\/div>\n    <\/div>\n    <div id=\"et-button-6209e6b254e92\" class=\"et_btn_align_left\">\n      <a href=\"https:\/\/archiveparis.com\/product\/serum-naturel-a-base-dhuile-alternative-au-retinol-bio\/\" class=\"et_btn button et_btn_md solid color-\" role=\"button\" title=\"\" tabindex=\"0\"><span>Pay up to 10 installments<\/span><\/a>\n    <\/div>\n    <a href=\"\/en\/wp-json\/wp\/v2\/pages\/114189?add-to-cart=119620\" data-quantity=\"1\" class=\"button product_type_simple add_to_cart_button ajax_add_to_cart\" data-product_id=\"119620\" data-product_sku=\"\" aria-label=\"Add to cart: &ldquo;S\u00e9rum Naturel \u00e0 Base d&#039;Huile \u2013 Alternative au R\u00e9tinol&rdquo;\" rel=\"nofollow\" data-success_message=\"&ldquo;S\u00e9rum Naturel \u00e0 Base d&#039;Huile \u2013 Alternative au R\u00e9tinol&rdquo; has been added to your cart\" role=\"button\"><span class=\"text\">Add to cart<\/span><span class=\"icon\"><span class=\"et-icon et-shopping-bag\"><\/span><\/span><\/a>\t\t\t<\/div>\n\n\t\t<\/div>\n\n\t\t\n\t<\/div>\n\n\t<\/div>\n\n<\/li><\/ul>\n<\/div>[\/vc_tta_section][vc_tta_section title=&#8221;Gamme Capillaire&#8221; tab_id=&#8221;1777023659759-1803c99a-89c8&#8243;]<div class=\"woocommerce columns-4 \">\n<ul class=\"products row et-main-products hover-animation-zoom-jump et-shop-show-variations show-rating\" data-columns=\"4\" data-mobile-columns=\"2\" data-navigation=\"true\" data-pagination=\"true\" data-layoutmode=\"packery\">\n<li class=\"item et-listing-style1 col-6 col-sm-6 col-md-4 col-lg-3 small_grid_5 product type-product post-119393 status-publish first instock product_cat-capillaire product_cat-collection product_cat-shop product_tag-all-skin-types-skin-type product_tag-aloe-juice-active-ingredients product_tag-cbd-active-ingredients product_tag-dry-skin-type product_tag-eye-cream-type product_tag-face-care product_tag-gluten-free-claims product_tag-hyaluronic-acid-active-ingredients product_tag-natural-certified-claims product_tag-perfect-for-dry-skin product_tag-prevents-puffiness product_tag-under-eye-fatigue-concern product_tag-vegan-claims product_tag-with-cannabidiol has-post-thumbnail taxable shipping-taxable purchasable product-type-simple\">\n\t<div class=\"product-inner animation bottom-to-top\">\n\t\t<figure class=\"product_thumbnail \">  \n\t\t<a href=\"https:\/\/archiveparis.com\/product\/apres-shampooing-volumateur-a-la-keratine\/\" title=\"Apr\u00e8s-shampooing volumateur \u00e0 la k\u00e9ratine\"><img data-recalc-dims=\"1\" loading=\"lazy\" decoding=\"async\" width=\"1140\" height=\"1512\" src=\"https:\/\/i0.wp.com\/archiveparis.com\/wp-content\/uploads\/2025\/08\/FRONT_high_res-77-scaled.jpg?resize=1140%2C1512&#038;ssl=1\" class=\"main-image skip-lazy wp-post-image\" alt=\"\" srcset=\"https:\/\/i0.wp.com\/archiveparis.com\/wp-content\/uploads\/2025\/08\/FRONT_high_res-77-scaled.jpg?w=1930&amp;ssl=1 1930w, https:\/\/i0.wp.com\/archiveparis.com\/wp-content\/uploads\/2025\/08\/FRONT_high_res-77-scaled.jpg?resize=226%2C300&amp;ssl=1 226w, https:\/\/i0.wp.com\/archiveparis.com\/wp-content\/uploads\/2025\/08\/FRONT_high_res-77-scaled.jpg?resize=772%2C1024&amp;ssl=1 772w, https:\/\/i0.wp.com\/archiveparis.com\/wp-content\/uploads\/2025\/08\/FRONT_high_res-77-scaled.jpg?resize=768%2C1019&amp;ssl=1 768w, https:\/\/i0.wp.com\/archiveparis.com\/wp-content\/uploads\/2025\/08\/FRONT_high_res-77-scaled.jpg?resize=1158%2C1536&amp;ssl=1 1158w, https:\/\/i0.wp.com\/archiveparis.com\/wp-content\/uploads\/2025\/08\/FRONT_high_res-77-scaled.jpg?resize=1544%2C2048&amp;ssl=1 1544w, https:\/\/i0.wp.com\/archiveparis.com\/wp-content\/uploads\/2025\/08\/FRONT_high_res-77-scaled.jpg?resize=113%2C150&amp;ssl=1 113w, https:\/\/i0.wp.com\/archiveparis.com\/wp-content\/uploads\/2025\/08\/FRONT_high_res-77-scaled.jpg?resize=900%2C1194&amp;ssl=1 900w\" sizes=\"auto, (max-width: 1140px) 100vw, 1140px\" \/><\/a>\n\t\t\t\t<div class=\"actions-wrapper\">\n\t\t\t<div class=\"actions-inner\">\n\t\t\t\t\t\t\t\t\t\t\t\t\t\t\t<\/div>\n\t\t<\/div>\n\t<\/figure>\n\t<div class=\"caption\">\n\t\t<div class=\"product-title\">\n\t\t\t<h3><a class=\"product-link\" href=\"https:\/\/archiveparis.com\/product\/apres-shampooing-volumateur-a-la-keratine\/\" title=\"Apr\u00e8s-shampooing volumateur \u00e0 la k\u00e9ratine\">Apr\u00e8s-shampooing volumateur \u00e0 la k\u00e9ratine<\/a><\/h3>\n\t\t\tloop\t\t<\/div>\n\t\t\n\t\t<div class=\"product_after_title\">\n\n\t\t\t<div class=\"product_after_shop_loop_price\">\n\t\t\t\t\n\t<span class=\"price\"><span class=\"woocommerce-Price-amount amount\"><bdi>39&nbsp;<span class=\"woocommerce-Price-currencySymbol\">&euro;<\/span><\/bdi><\/span><\/span>\n       \n       <div id=\"lystes-product-block\">\n           <div class=\"rating\">\n               \u2605\u2605\u2605\u2605\u2605 <span class=\"reviews\">(5)<\/span>\n           <\/div>\n           <ul class=\"benefits\">\n               <li><\/li>\n               <li><\/li>\n           <\/ul>\n       <\/div>\n   \n       <div id=\"wc-stripe-bnpl-shop-msg-119393\" class=\"wc-stripe-bnpl-shop-message\"><\/div>\t\t\t<\/div>\n\n\t\t\t<div class=\"product-excerpt\">\n\t\t\t\t<p class=\"font-claude-response-body break-words whitespace-normal leading-[1.7]\">Compl\u00e9tez votre routine capillaire avec cet apr\u00e8s-shampooing volumateur qui d\u00e9m\u00eale, lisse et fortifie en un seul geste. Enrichi en k\u00e9ratine, vitamine E et huiles pr\u00e9cieuses (coco, avocat, amande douce), il prot\u00e8ge activement contre les cassures et les frisottis tout en apportant volume et brillance. Son parfum gourmand menthe-romarin-vanille prolonge l&#8217;exp\u00e9rience sensorielle du shampooing.<\/p>\n<ul class=\"[li_&amp;]:mb-0 [li_&amp;]:mt-1 [li_&amp;]:gap-1 [&amp;:not(:last-child)_ul]:pb-1 [&amp;:not(:last-child)_ol]:pb-1 list-disc flex flex-col gap-1 pl-8 mb-3\">\n<li class=\"whitespace-normal break-words pl-2\"><strong>Volume + d\u00e9m\u00ealage facilit\u00e9<\/strong> \u2013 La k\u00e9ratine et la caf\u00e9ine densifient la fibre capillaire tandis que la formule d\u00e9m\u00ealante offre une chevelure douce, souple et facile \u00e0 coiffer<\/li>\n<li class=\"whitespace-normal break-words pl-2\"><strong>Protection anti-casse et anti-frisottis<\/strong> \u2013 La vitamine E et les huiles v\u00e9g\u00e9tales nourrissent en profondeur, renforcent le cheveu et le prot\u00e8gent des agressions ext\u00e9rieures<\/li>\n<li class=\"whitespace-normal break-words pl-2\"><strong>Formule clean et performante<\/strong> \u2013 Sans gluten, enrichie en extraits naturels de romarin, menthe poivr\u00e9e et ortie pour un soin respectueux et efficace<\/li>\n<\/ul>\n\t\t\t<\/div>\n\n\t\t\t<div class=\"after_shop_loop_actions\">\n\n\t\t\t\t    \n   \n    <div class=\"wpb_wrapper\" style=\"display: flex;padding-top: 10px;padding-bottom: 10px; height:38px;\">\n      <div class=\"wpb_text_column wpb_content_element text-promo ou\">\n        <div class=\"wpb_wrapper\">\n          <p style=\"font-family: 'futuralightbt';font-size: 9px!important;padding-top: 2px;font-weight: 100;\">Or<\/p>\n        <\/div>\n      <\/div>\n      <div class=\"wpb_text_column wpb_content_element text-promo pricing\">\n        <div class=\"wpb_wrapper\">\n          <p style=\"font-size: 15px;color: #000;letter-spacing: -1px;padding-left: 0;font-family: Jost;padding-top: 0px;\">4<\/p>\n        <\/div>\n      <\/div>\n      <div class=\"wpb_text_column wpb_content_element text-promo euro\">\n        <div class=\"wpb_wrapper\">\n          <p style=\"padding-top: 3px;color: #000;margin-top: 0px;position: absolute;margin-left: 2px;font-size: 11px;\">\u20ac<\/p>\n        <\/div>\n      <\/div>\n      <div class=\"wpb_text_column wpb_content_element text-promo mois\">\n        <div class=\"wpb_wrapper\">\n          <p style=\"padding-top: 0;margin-left: 11px;color: #000;margin-top: 2px;font-size: 8px;font-weight: 100;\">\/month for 10 months (excl. fees)<\/p>\n        <\/div>\n      <\/div>\n    <\/div>\n    <div id=\"et-button-6209e6b254e92\" class=\"et_btn_align_left\">\n      <a href=\"https:\/\/archiveparis.com\/product\/apres-shampooing-volumateur-a-la-keratine\/\" class=\"et_btn button et_btn_md solid color-\" role=\"button\" title=\"\" tabindex=\"0\"><span>Pay up to 10 installments<\/span><\/a>\n    <\/div>\n    <a href=\"\/en\/wp-json\/wp\/v2\/pages\/114189?add-to-cart=119393\" data-quantity=\"1\" class=\"button product_type_simple add_to_cart_button ajax_add_to_cart\" data-product_id=\"119393\" data-product_sku=\"\" aria-label=\"Add to cart: &ldquo;Apr\u00e8s-shampooing volumateur \u00e0 la k\u00e9ratine&rdquo;\" rel=\"nofollow\" data-success_message=\"&ldquo;Apr\u00e8s-shampooing volumateur \u00e0 la k\u00e9ratine&rdquo; has been added to your cart\" role=\"button\"><span class=\"text\">Add to cart<\/span><span class=\"icon\"><span class=\"et-icon et-shopping-bag\"><\/span><\/span><\/a>\t\t\t<\/div>\n\n\t\t<\/div>\n\n\t\t\n\t<\/div>\n\n\t<\/div>\n\n<\/li>\n<li class=\"item et-listing-style1 col-6 col-sm-6 col-md-4 col-lg-3 small_grid_5 product type-product post-119593 status-publish instock product_cat-capillaire product_cat-collection product_cat-shop has-post-thumbnail taxable shipping-taxable purchasable product-type-simple\">\n\t<div class=\"product-inner animation bottom-to-top\">\n\t\t<figure class=\"product_thumbnail \">  \n\t\t<a href=\"https:\/\/archiveparis.com\/product\/exfoliant-pour-cuir-chevelu-deep-cleanse-romarin-et-menthe\/\" title=\"Exfoliant pour cuir chevelu Deep Cleanse, romarin et menthe\"><img data-recalc-dims=\"1\" loading=\"lazy\" decoding=\"async\" width=\"1140\" height=\"1512\" src=\"https:\/\/i0.wp.com\/archiveparis.com\/wp-content\/uploads\/2026\/04\/FRONT_high_res-84-scaled.jpg?resize=1140%2C1512&#038;ssl=1\" class=\"main-image skip-lazy wp-post-image\" alt=\"\" srcset=\"https:\/\/i0.wp.com\/archiveparis.com\/wp-content\/uploads\/2026\/04\/FRONT_high_res-84-scaled.jpg?w=1930&amp;ssl=1 1930w, https:\/\/i0.wp.com\/archiveparis.com\/wp-content\/uploads\/2026\/04\/FRONT_high_res-84-scaled.jpg?resize=226%2C300&amp;ssl=1 226w, https:\/\/i0.wp.com\/archiveparis.com\/wp-content\/uploads\/2026\/04\/FRONT_high_res-84-scaled.jpg?resize=772%2C1024&amp;ssl=1 772w, https:\/\/i0.wp.com\/archiveparis.com\/wp-content\/uploads\/2026\/04\/FRONT_high_res-84-scaled.jpg?resize=768%2C1019&amp;ssl=1 768w, https:\/\/i0.wp.com\/archiveparis.com\/wp-content\/uploads\/2026\/04\/FRONT_high_res-84-scaled.jpg?resize=1158%2C1536&amp;ssl=1 1158w, https:\/\/i0.wp.com\/archiveparis.com\/wp-content\/uploads\/2026\/04\/FRONT_high_res-84-scaled.jpg?resize=1544%2C2048&amp;ssl=1 1544w, https:\/\/i0.wp.com\/archiveparis.com\/wp-content\/uploads\/2026\/04\/FRONT_high_res-84-scaled.jpg?resize=113%2C150&amp;ssl=1 113w, https:\/\/i0.wp.com\/archiveparis.com\/wp-content\/uploads\/2026\/04\/FRONT_high_res-84-scaled.jpg?resize=900%2C1194&amp;ssl=1 900w\" sizes=\"auto, (max-width: 1140px) 100vw, 1140px\" \/><\/a>\n\t\t\t\t<div class=\"actions-wrapper\">\n\t\t\t<div class=\"actions-inner\">\n\t\t\t\t\t\t\t\t\t\t\t\t\t\t\t<\/div>\n\t\t<\/div>\n\t<\/figure>\n\t<div class=\"caption\">\n\t\t<div class=\"product-title\">\n\t\t\t<h3><a class=\"product-link\" href=\"https:\/\/archiveparis.com\/product\/exfoliant-pour-cuir-chevelu-deep-cleanse-romarin-et-menthe\/\" title=\"Exfoliant pour cuir chevelu Deep Cleanse, romarin et menthe\">Exfoliant pour cuir chevelu Deep Cleanse, romarin et menthe<\/a><\/h3>\n\t\t\tloop\t\t<\/div>\n\t\t\n\t\t<div class=\"product_after_title\">\n\n\t\t\t<div class=\"product_after_shop_loop_price\">\n\t\t\t\t\n\t<span class=\"price\"><span class=\"woocommerce-Price-amount amount\"><bdi>33&nbsp;<span class=\"woocommerce-Price-currencySymbol\">&euro;<\/span><\/bdi><\/span><\/span>\n       \n       <div id=\"lystes-product-block\">\n           <div class=\"rating\">\n               \u2605\u2605\u2605\u2605\u2605 <span class=\"reviews\">(5)<\/span>\n           <\/div>\n           <ul class=\"benefits\">\n               <li><\/li>\n               <li><\/li>\n           <\/ul>\n       <\/div>\n   \n       <div id=\"wc-stripe-bnpl-shop-msg-119593\" class=\"wc-stripe-bnpl-shop-message\"><\/div>\t\t\t<\/div>\n\n\t\t\t<div class=\"product-excerpt\">\n\t\t\t\t<p class=\"font-claude-response-body break-words whitespace-normal leading-[1.7]\">Purifiez votre cuir chevelu en profondeur avec cet exfoliant d\u00e9toxifiant aux vertus revitalisantes. Sa formule exfoliante douce \u00e0 base de poudre de noyau de cerise \u00e9limine efficacement les accumulations, pellicules et impuret\u00e9s, tandis que le romarin et la menthe poivr\u00e9e stimulent la microcirculation pour un cuir chevelu sain et oxyg\u00e9n\u00e9. Son parfum gourmand menthe-romarin-vanille transforme ce soin en un v\u00e9ritable rituel de fra\u00eecheur.<\/p>\n<ul class=\"[li_&amp;]:mb-0 [li_&amp;]:mt-1 [li_&amp;]:gap-1 [&amp;:not(:last-child)_ul]:pb-1 [&amp;:not(:last-child)_ol]:pb-1 list-disc flex flex-col gap-1 pl-8 mb-3\">\n<li class=\"whitespace-normal break-words pl-2\"><strong>Nettoyage en profondeur<\/strong> \u2013 L&#8217;argile kaolin et les micro-exfoliants naturels \u00e9liminent les accumulations de produits, l&#8217;exc\u00e8s de s\u00e9bum et les pellicules sans agresser le cuir chevelu<\/li>\n<li class=\"whitespace-normal break-words pl-2\"><strong>Stimulation et revitalisation<\/strong> \u2013 Les huiles essentielles de romarin et menthe poivr\u00e9e r\u00e9activent la circulation sanguine, apaisent les d\u00e9mangeaisons et favorisent un environnement sain pour la croissance capillaire<\/li>\n<li class=\"whitespace-normal break-words pl-2\"><strong>Formule clean enrichie<\/strong> \u2013 Sans gluten, sans noix, avec k\u00e9ratine et beurre de karit\u00e9 pour exfolier tout en nourrissant<\/li>\n<\/ul>\n<p class=\"font-claude-response-body break-words whitespace-normal leading-[1.7]\"><strong>Format 170 ml<\/strong> \u2013 Cure d\u00e9tox hebdomadaire ou bi-mensuelle pour un cuir chevelu purifi\u00e9 et des cheveux plus forts<\/p>\n\t\t\t<\/div>\n\n\t\t\t<div class=\"after_shop_loop_actions\">\n\n\t\t\t\t    \n   \n    <div class=\"wpb_wrapper\" style=\"display: flex;padding-top: 10px;padding-bottom: 10px; height:38px;\">\n      <div class=\"wpb_text_column wpb_content_element text-promo ou\">\n        <div class=\"wpb_wrapper\">\n          <p style=\"font-family: 'futuralightbt';font-size: 9px!important;padding-top: 2px;font-weight: 100;\">Or<\/p>\n        <\/div>\n      <\/div>\n      <div class=\"wpb_text_column wpb_content_element text-promo pricing\">\n        <div class=\"wpb_wrapper\">\n          <p style=\"font-size: 15px;color: #000;letter-spacing: -1px;padding-left: 0;font-family: Jost;padding-top: 0px;\">3<\/p>\n        <\/div>\n      <\/div>\n      <div class=\"wpb_text_column wpb_content_element text-promo euro\">\n        <div class=\"wpb_wrapper\">\n          <p style=\"padding-top: 3px;color: #000;margin-top: 0px;position: absolute;margin-left: 2px;font-size: 11px;\">\u20ac<\/p>\n        <\/div>\n      <\/div>\n      <div class=\"wpb_text_column wpb_content_element text-promo mois\">\n        <div class=\"wpb_wrapper\">\n          <p style=\"padding-top: 0;margin-left: 11px;color: #000;margin-top: 2px;font-size: 8px;font-weight: 100;\">\/month for 10 months (excl. fees)<\/p>\n        <\/div>\n      <\/div>\n    <\/div>\n    <div id=\"et-button-6209e6b254e92\" class=\"et_btn_align_left\">\n      <a href=\"https:\/\/archiveparis.com\/product\/exfoliant-pour-cuir-chevelu-deep-cleanse-romarin-et-menthe\/\" class=\"et_btn button et_btn_md solid color-\" role=\"button\" title=\"\" tabindex=\"0\"><span>Pay up to 10 installments<\/span><\/a>\n    <\/div>\n    <a href=\"\/en\/wp-json\/wp\/v2\/pages\/114189?add-to-cart=119593\" data-quantity=\"1\" class=\"button product_type_simple add_to_cart_button ajax_add_to_cart\" data-product_id=\"119593\" data-product_sku=\"\" aria-label=\"Add to cart: &ldquo;Exfoliant pour cuir chevelu Deep Cleanse, romarin et menthe&rdquo;\" rel=\"nofollow\" data-success_message=\"&ldquo;Exfoliant pour cuir chevelu Deep Cleanse, romarin et menthe&rdquo; has been added to your cart\" role=\"button\"><span class=\"text\">Add to cart<\/span><span class=\"icon\"><span class=\"et-icon et-shopping-bag\"><\/span><\/span><\/a>\t\t\t<\/div>\n\n\t\t<\/div>\n\n\t\t\n\t<\/div>\n\n\t<\/div>\n\n<\/li>\n<li class=\"item et-listing-style1 col-6 col-sm-6 col-md-4 col-lg-3 small_grid_5 product type-product post-119590 status-publish instock product_cat-capillaire product_cat-collection product_cat-shop has-post-thumbnail taxable shipping-taxable purchasable product-type-simple\">\n\t<div class=\"product-inner animation bottom-to-top\">\n\t\t<figure class=\"product_thumbnail \">  \n\t\t<a href=\"https:\/\/archiveparis.com\/product\/masque-capillaire-reparateur-intensif-a-la-keratine\/\" title=\"Masque capillaire r\u00e9parateur intensif \u00e0 la k\u00e9ratine\"><img data-recalc-dims=\"1\" loading=\"lazy\" decoding=\"async\" width=\"1140\" height=\"1512\" src=\"https:\/\/i0.wp.com\/archiveparis.com\/wp-content\/uploads\/2026\/04\/FRONT_high_res-81-scaled.jpg?resize=1140%2C1512&#038;ssl=1\" class=\"main-image skip-lazy wp-post-image\" alt=\"\" srcset=\"https:\/\/i0.wp.com\/archiveparis.com\/wp-content\/uploads\/2026\/04\/FRONT_high_res-81-scaled.jpg?w=1930&amp;ssl=1 1930w, https:\/\/i0.wp.com\/archiveparis.com\/wp-content\/uploads\/2026\/04\/FRONT_high_res-81-scaled.jpg?resize=226%2C300&amp;ssl=1 226w, https:\/\/i0.wp.com\/archiveparis.com\/wp-content\/uploads\/2026\/04\/FRONT_high_res-81-scaled.jpg?resize=772%2C1024&amp;ssl=1 772w, https:\/\/i0.wp.com\/archiveparis.com\/wp-content\/uploads\/2026\/04\/FRONT_high_res-81-scaled.jpg?resize=768%2C1019&amp;ssl=1 768w, https:\/\/i0.wp.com\/archiveparis.com\/wp-content\/uploads\/2026\/04\/FRONT_high_res-81-scaled.jpg?resize=1158%2C1536&amp;ssl=1 1158w, https:\/\/i0.wp.com\/archiveparis.com\/wp-content\/uploads\/2026\/04\/FRONT_high_res-81-scaled.jpg?resize=1544%2C2048&amp;ssl=1 1544w, https:\/\/i0.wp.com\/archiveparis.com\/wp-content\/uploads\/2026\/04\/FRONT_high_res-81-scaled.jpg?resize=113%2C150&amp;ssl=1 113w, https:\/\/i0.wp.com\/archiveparis.com\/wp-content\/uploads\/2026\/04\/FRONT_high_res-81-scaled.jpg?resize=900%2C1194&amp;ssl=1 900w\" sizes=\"auto, (max-width: 1140px) 100vw, 1140px\" \/><\/a>\n\t\t\t\t<div class=\"actions-wrapper\">\n\t\t\t<div class=\"actions-inner\">\n\t\t\t\t\t\t\t\t\t\t\t\t\t\t\t<\/div>\n\t\t<\/div>\n\t<\/figure>\n\t<div class=\"caption\">\n\t\t<div class=\"product-title\">\n\t\t\t<h3><a class=\"product-link\" href=\"https:\/\/archiveparis.com\/product\/masque-capillaire-reparateur-intensif-a-la-keratine\/\" title=\"Masque capillaire r\u00e9parateur intensif \u00e0 la k\u00e9ratine\">Masque capillaire r\u00e9parateur intensif \u00e0 la k\u00e9ratine<\/a><\/h3>\n\t\t\tloop\t\t<\/div>\n\t\t\n\t\t<div class=\"product_after_title\">\n\n\t\t\t<div class=\"product_after_shop_loop_price\">\n\t\t\t\t\n\t<span class=\"price\"><span class=\"woocommerce-Price-amount amount\"><bdi>33&nbsp;<span class=\"woocommerce-Price-currencySymbol\">&euro;<\/span><\/bdi><\/span><\/span>\n       \n       <div id=\"lystes-product-block\">\n           <div class=\"rating\">\n               \u2605\u2605\u2605\u2605\u2605 <span class=\"reviews\">(8)<\/span>\n           <\/div>\n           <ul class=\"benefits\">\n               <li><\/li>\n               <li><\/li>\n           <\/ul>\n       <\/div>\n   \n       <div id=\"wc-stripe-bnpl-shop-msg-119590\" class=\"wc-stripe-bnpl-shop-message\"><\/div>\t\t\t<\/div>\n\n\t\t\t<div class=\"product-excerpt\">\n\t\t\t\t<p class=\"font-claude-response-body break-words whitespace-normal leading-[1.7]\">Offrez \u00e0 vos cheveux ab\u00eem\u00e9s un soin r\u00e9parateur d&#8217;exception. Ce masque intensif certifi\u00e9 naturel combine k\u00e9ratine, beurre de karit\u00e9 et prot\u00e9ines de bl\u00e9 pour nourrir en profondeur, r\u00e9duire les cassures et redonner brillance et douceur aux cheveux secs et fragilis\u00e9s. Sa texture riche et onctueuse enveloppe chaque fibre capillaire pour une r\u00e9paration visible d\u00e8s la premi\u00e8re application. Son \u00e9l\u00e9gant parfum floral blanc \u00e0 la tub\u00e9reuse sublime l&#8217;exp\u00e9rience sensorielle.<\/p>\n<ul class=\"[li_&amp;]:mb-0 [li_&amp;]:mt-1 [li_&amp;]:gap-1 [&amp;:not(:last-child)_ul]:pb-1 [&amp;:not(:last-child)_ol]:pb-1 list-disc flex flex-col gap-1 pl-8 mb-3\">\n<li class=\"whitespace-normal break-words pl-2\"><strong>R\u00e9paration intensive<\/strong> \u2013 La k\u00e9ratine et les prot\u00e9ines de bl\u00e9 reconstruisent la fibre capillaire, r\u00e9duisent les pointes fourchues et renforcent le cheveu en profondeur<\/li>\n<li class=\"whitespace-normal break-words pl-2\"><strong>Nutrition ultra-riche<\/strong> \u2013 Le beurre de karit\u00e9, la vitamine E et les huiles de coco et avocat nourrissent intens\u00e9ment pour une douceur et une brillance exceptionnelles<\/li>\n<li class=\"whitespace-normal break-words pl-2\"><strong>Formule certifi\u00e9e naturelle<\/strong> \u2013 Composition clean et bio respectueuse de vos cheveux et de l&#8217;environnement, sans compromis sur l&#8217;efficacit\u00e9<\/li>\n<\/ul>\n\t\t\t<\/div>\n\n\t\t\t<div class=\"after_shop_loop_actions\">\n\n\t\t\t\t    \n   \n    <div class=\"wpb_wrapper\" style=\"display: flex;padding-top: 10px;padding-bottom: 10px; height:38px;\">\n      <div class=\"wpb_text_column wpb_content_element text-promo ou\">\n        <div class=\"wpb_wrapper\">\n          <p style=\"font-family: 'futuralightbt';font-size: 9px!important;padding-top: 2px;font-weight: 100;\">Or<\/p>\n        <\/div>\n      <\/div>\n      <div class=\"wpb_text_column wpb_content_element text-promo pricing\">\n        <div class=\"wpb_wrapper\">\n          <p style=\"font-size: 15px;color: #000;letter-spacing: -1px;padding-left: 0;font-family: Jost;padding-top: 0px;\">3<\/p>\n        <\/div>\n      <\/div>\n      <div class=\"wpb_text_column wpb_content_element text-promo euro\">\n        <div class=\"wpb_wrapper\">\n          <p style=\"padding-top: 3px;color: #000;margin-top: 0px;position: absolute;margin-left: 2px;font-size: 11px;\">\u20ac<\/p>\n        <\/div>\n      <\/div>\n      <div class=\"wpb_text_column wpb_content_element text-promo mois\">\n        <div class=\"wpb_wrapper\">\n          <p style=\"padding-top: 0;margin-left: 11px;color: #000;margin-top: 2px;font-size: 8px;font-weight: 100;\">\/month for 10 months (excl. fees)<\/p>\n        <\/div>\n      <\/div>\n    <\/div>\n    <div id=\"et-button-6209e6b254e92\" class=\"et_btn_align_left\">\n      <a href=\"https:\/\/archiveparis.com\/product\/masque-capillaire-reparateur-intensif-a-la-keratine\/\" class=\"et_btn button et_btn_md solid color-\" role=\"button\" title=\"\" tabindex=\"0\"><span>Pay up to 10 installments<\/span><\/a>\n    <\/div>\n    <a href=\"\/en\/wp-json\/wp\/v2\/pages\/114189?add-to-cart=119590\" data-quantity=\"1\" class=\"button product_type_simple add_to_cart_button ajax_add_to_cart\" data-product_id=\"119590\" data-product_sku=\"\" aria-label=\"Add to cart: &ldquo;Masque capillaire r\u00e9parateur intensif \u00e0 la k\u00e9ratine&rdquo;\" rel=\"nofollow\" data-success_message=\"&ldquo;Masque capillaire r\u00e9parateur intensif \u00e0 la k\u00e9ratine&rdquo; has been added to your cart\" role=\"button\"><span class=\"text\">Add to cart<\/span><span class=\"icon\"><span class=\"et-icon et-shopping-bag\"><\/span><\/span><\/a>\t\t\t<\/div>\n\n\t\t<\/div>\n\n\t\t\n\t<\/div>\n\n\t<\/div>\n\n<\/li>\n<li class=\"item et-listing-style1 col-6 col-sm-6 col-md-4 col-lg-3 small_grid_5 product type-product post-119398 status-publish last instock product_cat-capillaire product_cat-collection product_cat-shop has-post-thumbnail taxable shipping-taxable purchasable product-type-simple\">\n\t<div class=\"product-inner animation bottom-to-top\">\n\t\t<figure class=\"product_thumbnail \">  \n\t\t<a href=\"https:\/\/archiveparis.com\/product\/shampooing-volumateur-a-la-keratine\/\" title=\"Shampooing volumateur \u00e0 la k\u00e9ratine\"><img data-recalc-dims=\"1\" loading=\"lazy\" decoding=\"async\" width=\"1140\" height=\"1512\" src=\"https:\/\/i0.wp.com\/archiveparis.com\/wp-content\/uploads\/2025\/08\/FRONT_high_res-76-scaled.jpg?resize=1140%2C1512&#038;ssl=1\" class=\"main-image skip-lazy wp-post-image\" alt=\"\" srcset=\"https:\/\/i0.wp.com\/archiveparis.com\/wp-content\/uploads\/2025\/08\/FRONT_high_res-76-scaled.jpg?w=1930&amp;ssl=1 1930w, https:\/\/i0.wp.com\/archiveparis.com\/wp-content\/uploads\/2025\/08\/FRONT_high_res-76-scaled.jpg?resize=226%2C300&amp;ssl=1 226w, https:\/\/i0.wp.com\/archiveparis.com\/wp-content\/uploads\/2025\/08\/FRONT_high_res-76-scaled.jpg?resize=772%2C1024&amp;ssl=1 772w, https:\/\/i0.wp.com\/archiveparis.com\/wp-content\/uploads\/2025\/08\/FRONT_high_res-76-scaled.jpg?resize=768%2C1019&amp;ssl=1 768w, https:\/\/i0.wp.com\/archiveparis.com\/wp-content\/uploads\/2025\/08\/FRONT_high_res-76-scaled.jpg?resize=1158%2C1536&amp;ssl=1 1158w, https:\/\/i0.wp.com\/archiveparis.com\/wp-content\/uploads\/2025\/08\/FRONT_high_res-76-scaled.jpg?resize=1544%2C2048&amp;ssl=1 1544w, https:\/\/i0.wp.com\/archiveparis.com\/wp-content\/uploads\/2025\/08\/FRONT_high_res-76-scaled.jpg?resize=113%2C150&amp;ssl=1 113w, https:\/\/i0.wp.com\/archiveparis.com\/wp-content\/uploads\/2025\/08\/FRONT_high_res-76-scaled.jpg?resize=900%2C1194&amp;ssl=1 900w\" sizes=\"auto, (max-width: 1140px) 100vw, 1140px\" \/><\/a>\n\t\t\t\t<div class=\"actions-wrapper\">\n\t\t\t<div class=\"actions-inner\">\n\t\t\t\t\t\t\t\t\t\t\t\t\t\t\t<\/div>\n\t\t<\/div>\n\t<\/figure>\n\t<div class=\"caption\">\n\t\t<div class=\"product-title\">\n\t\t\t<h3><a class=\"product-link\" href=\"https:\/\/archiveparis.com\/product\/shampooing-volumateur-a-la-keratine\/\" title=\"Shampooing volumateur \u00e0 la k\u00e9ratine\">Shampooing volumateur \u00e0 la k\u00e9ratine<\/a><\/h3>\n\t\t\tloop\t\t<\/div>\n\t\t\n\t\t<div class=\"product_after_title\">\n\n\t\t\t<div class=\"product_after_shop_loop_price\">\n\t\t\t\t\n\t<span class=\"price\"><span class=\"woocommerce-Price-amount amount\"><bdi>25&nbsp;<span class=\"woocommerce-Price-currencySymbol\">&euro;<\/span><\/bdi><\/span><\/span>\n       \n       <div id=\"lystes-product-block\">\n           <div class=\"rating\">\n               \u2605\u2605\u2605\u2605\u2605 <span class=\"reviews\">(8)<\/span>\n           <\/div>\n           <ul class=\"benefits\">\n               <li><\/li>\n               <li><\/li>\n           <\/ul>\n       <\/div>\n   \n       <div id=\"wc-stripe-bnpl-shop-msg-119398\" class=\"wc-stripe-bnpl-shop-message\"><\/div>\t\t\t<\/div>\n\n\t\t\t<div class=\"product-excerpt\">\n\t\t\t\t<p class=\"font-claude-response-body break-words whitespace-normal leading-[1.7]\">Offrez \u00e0 vos cheveux fins et plats une cure de volume gr\u00e2ce \u00e0 ce shampooing haute performance enrichi en k\u00e9ratine et caf\u00e9ine. Sa formule purifiante douce stimule le cuir chevelu tout en \u00e9paississant la fibre capillaire pour un r\u00e9sultat digne d&#8217;un salon. Son parfum gourmand aux notes de menthe poivr\u00e9e, romarin et vanille transforme chaque lavage en un moment de bien-\u00eatre.<\/p>\n<ul class=\"[li_&amp;]:mb-0 [li_&amp;]:mt-1 [li_&amp;]:gap-1 [&amp;:not(:last-child)_ul]:pb-1 [&amp;:not(:last-child)_ol]:pb-1 list-disc flex flex-col gap-1 pl-8 mb-3\">\n<li class=\"whitespace-normal break-words pl-2\"><strong>Volume et \u00e9paississement visibles<\/strong> \u2013 La k\u00e9ratine restructure le cheveu tandis que la caf\u00e9ine stimule les racines pour une chevelure densifi\u00e9e et revigor\u00e9e<\/li>\n<li class=\"whitespace-normal break-words pl-2\"><strong>Formule clean et certifi\u00e9e<\/strong> \u2013 Sans gluten, sans noix, enrichie en extraits naturels de romarin et menthe poivr\u00e9e pour un soin respectueux de votre cuir chevelu<\/li>\n<li class=\"whitespace-normal break-words pl-2\"><strong>Purification douce mais puissante<\/strong> \u2013 Nettoie en profondeur sans agresser, r\u00e9active la microcirculation du cuir chevelu et pr\u00e9pare vos cheveux \u00e0 recevoir les soins<\/li>\n<\/ul>\n\t\t\t<\/div>\n\n\t\t\t<div class=\"after_shop_loop_actions\">\n\n\t\t\t\t    \n   \n    <div class=\"wpb_wrapper\" style=\"display: flex;padding-top: 10px;padding-bottom: 10px; height:38px;\">\n      <div class=\"wpb_text_column wpb_content_element text-promo ou\">\n        <div class=\"wpb_wrapper\">\n          <p style=\"font-family: 'futuralightbt';font-size: 9px!important;padding-top: 2px;font-weight: 100;\">Or<\/p>\n        <\/div>\n      <\/div>\n      <div class=\"wpb_text_column wpb_content_element text-promo pricing\">\n        <div class=\"wpb_wrapper\">\n          <p style=\"font-size: 15px;color: #000;letter-spacing: -1px;padding-left: 0;font-family: Jost;padding-top: 0px;\">3<\/p>\n        <\/div>\n      <\/div>\n      <div class=\"wpb_text_column wpb_content_element text-promo euro\">\n        <div class=\"wpb_wrapper\">\n          <p style=\"padding-top: 3px;color: #000;margin-top: 0px;position: absolute;margin-left: 2px;font-size: 11px;\">\u20ac<\/p>\n        <\/div>\n      <\/div>\n      <div class=\"wpb_text_column wpb_content_element text-promo mois\">\n        <div class=\"wpb_wrapper\">\n          <p style=\"padding-top: 0;margin-left: 11px;color: #000;margin-top: 2px;font-size: 8px;font-weight: 100;\">\/month for 10 months (excl. fees)<\/p>\n        <\/div>\n      <\/div>\n    <\/div>\n    <div id=\"et-button-6209e6b254e92\" class=\"et_btn_align_left\">\n      <a href=\"https:\/\/archiveparis.com\/product\/shampooing-volumateur-a-la-keratine\/\" class=\"et_btn button et_btn_md solid color-\" role=\"button\" title=\"\" tabindex=\"0\"><span>Pay up to 10 installments<\/span><\/a>\n    <\/div>\n    <a href=\"\/en\/wp-json\/wp\/v2\/pages\/114189?add-to-cart=119398\" data-quantity=\"1\" class=\"button product_type_simple add_to_cart_button ajax_add_to_cart\" data-product_id=\"119398\" data-product_sku=\"\" aria-label=\"Add to cart: &ldquo;Shampooing volumateur \u00e0 la k\u00e9ratine&rdquo;\" rel=\"nofollow\" data-success_message=\"&ldquo;Shampooing volumateur \u00e0 la k\u00e9ratine&rdquo; has been added to your cart\" role=\"button\"><span class=\"text\">Add to cart<\/span><span class=\"icon\"><span class=\"et-icon et-shopping-bag\"><\/span><\/span><\/a>\t\t\t<\/div>\n\n\t\t<\/div>\n\n\t\t\n\t<\/div>\n\n\t<\/div>\n\n<\/li><\/ul>\n<\/div>[\/vc_tta_section][\/vc_tta_tabs][\/vc_column][\/vc_row][vc_row et_full_width=&#8221;true&#8221; et_row_padding=&#8221;true&#8221;][vc_column][vc_column_text]\n<p class=\"p1\">      <section id=\"section-concept-ed64\" class=\"section-concept-ed64\">\n        <div class=\"concept-container\">\n          <div class=\"concept-left\">\n            <div class=\"about-label-vertical\">About me<\/div>\n            <img data-recalc-dims=\"1\" decoding=\"async\" src=\"https:\/\/i0.wp.com\/archiveparis.com\/wp-content\/uploads\/2025\/06\/IMG_2364-2.jpg?w=1140&#038;ssl=1\" alt=\"Terrasse m\u00e9diterran\u00e9enne\" class=\"concept-image\">\n          <\/div>\n          <div class=\"concept-right\">\n            <h3 class=\"concept-subtitle\">Concept<\/h3>\n            <h1 class=\"concept-title\">Sublimate your beauty, elevate your excellence.<\/h1>\n            <p class=\"concept-paragraph\">Archive Paris was born from a clear idea: to create products that meet the highest standards of performance and sensoriality, without compromise. Each formula is designed to reveal the natural beauty of the skin and hair, with visible results, a pleasant application, and a polished finish. Behind Archive Paris, there is a vision: that of confident, precise, and assertive beauty. Each product is aimed at those who know what they want: effective, enjoyable products that make a real difference. We select recognized active ingredients, elegant textures, and subtle fragrances to transform each care step into a moment of controlled pleasure. Our approach is demanding, our process is clear: to offer products that keep their promises. Archive Paris represents cosmetic mastery, the refinement of formulation, and the demand for results.<\/p>\n            <hr class=\"concept-divider\">\n          <\/div>\n        <\/div>\n      <\/section>\n      \n[\/vc_column_text][\/vc_column][\/vc_row][vc_row et_full_width=&#8221;true&#8221; css=&#8221;.vc_custom_1777829720037{padding-top: 120px !important;background-position: center !important;background-repeat: no-repeat !important;background-size: cover !important;}&#8221; el_class=&#8221;presentation&#8221; el_id=&#8221;hero&#8221;][vc_column][vc_column_text]       <section class=\"concept-section fade-in\" id=\"concept-section\">\n         <div class=\"concept-grid\">\n         <div class=\"concept-left\">\n           <img data-recalc-dims=\"1\" decoding=\"async\" src=\"https:\/\/i0.wp.com\/archiveparis.com\/wp-content\/uploads\/2025\/07\/f23cd756-26d3-4041-afbf-7509cf93e856-1.jpg?w=1140&#038;ssl=1\" alt=\"Portrait 1\" class=\"concept-img concept-img-large\">\n         <\/div>\n         <div class=\"concept-right\">\n           <span class=\"concept-label\">ARCHIVE PARIS<\/span>\n           <h2>Our Concept<\/h2>\n           <p>At Archive Paris, we make no compromises on quality. Each formula is designed to meet the highest expectations of your skin and hair, with measurable effectiveness from the very first applications.<\/p>\n           <img data-recalc-dims=\"1\" decoding=\"async\" src=\"https:\/\/i0.wp.com\/archiveparis.com\/wp-content\/uploads\/2025\/07\/WhatsApp-Image-2025-04-09-at-15.04.52-1-3-6.jpeg?w=1140&#038;ssl=1\" alt=\"Portrait 2\" class=\"concept-img concept-img-small\">\n         <\/div>\n         <\/div>\n       <\/section>\n       [\/vc_column_text][\/vc_column][\/vc_row][vc_row][vc_column][vc_empty_space][\/vc_column][\/vc_row][vc_row et_full_width=&#8221;true&#8221; et_row_padding=&#8221;true&#8221; et_column_align=&#8221;align-center&#8221; el_class=&#8221;container&#8221; css=&#8221;.vc_custom_1757085186537{padding-top: 60px !important;}&#8221;][vc_column][vc_row_inner et_row_padding=&#8221;true&#8221; el_class=&#8221;min-container&#8221;][vc_column_inner el_class=&#8221;left&#8221;][vc_column_text el_class=&#8221;titlescript&#8221;]\n<p style=\"text-align: center;\">ARCHIVE PARIS<\/p>\n<div id=\"gtx-trans\" style=\"position: absolute; left: 320px; top: -9px;\">\n<div class=\"gtx-trans-icon\"><\/div>\n<\/div>\n[\/vc_column_text][vc_column_text]\n<h1 style=\"text-align: center;\">SkinCare<\/h1>\n[\/vc_column_text][\/vc_column_inner][\/vc_row_inner][\/vc_column][\/vc_row][vc_row][vc_column]<div class=\"woocommerce columns-4 \">\n<ul class=\"products row et-main-products hover-animation-zoom-jump et-shop-show-variations show-rating\" data-columns=\"4\" data-mobile-columns=\"2\" data-navigation=\"true\" data-pagination=\"true\" data-layoutmode=\"packery\">\n<li class=\"item et-listing-style1 col-6 col-sm-6 col-md-4 col-lg-3 small_grid_5 product type-product post-119596 status-publish first instock product_cat-skin has-post-thumbnail taxable shipping-taxable purchasable product-type-simple\">\n\t<div class=\"product-inner animation bottom-to-top\">\n\t\t<figure class=\"product_thumbnail \">  \n\t\t<a href=\"https:\/\/archiveparis.com\/product\/creme-de-jour-hydratante\/\" title=\"Cr\u00e8me de jour hydratante\"><img data-recalc-dims=\"1\" loading=\"lazy\" decoding=\"async\" width=\"1140\" height=\"1512\" src=\"https:\/\/i0.wp.com\/archiveparis.com\/wp-content\/uploads\/2026\/04\/FRONT-WITH-BOX_high_res-46-scaled.jpg?resize=1140%2C1512&#038;ssl=1\" class=\"main-image skip-lazy wp-post-image\" alt=\"\" srcset=\"https:\/\/i0.wp.com\/archiveparis.com\/wp-content\/uploads\/2026\/04\/FRONT-WITH-BOX_high_res-46-scaled.jpg?w=1930&amp;ssl=1 1930w, https:\/\/i0.wp.com\/archiveparis.com\/wp-content\/uploads\/2026\/04\/FRONT-WITH-BOX_high_res-46-scaled.jpg?resize=226%2C300&amp;ssl=1 226w, https:\/\/i0.wp.com\/archiveparis.com\/wp-content\/uploads\/2026\/04\/FRONT-WITH-BOX_high_res-46-scaled.jpg?resize=772%2C1024&amp;ssl=1 772w, https:\/\/i0.wp.com\/archiveparis.com\/wp-content\/uploads\/2026\/04\/FRONT-WITH-BOX_high_res-46-scaled.jpg?resize=768%2C1019&amp;ssl=1 768w, https:\/\/i0.wp.com\/archiveparis.com\/wp-content\/uploads\/2026\/04\/FRONT-WITH-BOX_high_res-46-scaled.jpg?resize=1158%2C1536&amp;ssl=1 1158w, https:\/\/i0.wp.com\/archiveparis.com\/wp-content\/uploads\/2026\/04\/FRONT-WITH-BOX_high_res-46-scaled.jpg?resize=1544%2C2048&amp;ssl=1 1544w, https:\/\/i0.wp.com\/archiveparis.com\/wp-content\/uploads\/2026\/04\/FRONT-WITH-BOX_high_res-46-scaled.jpg?resize=113%2C150&amp;ssl=1 113w, https:\/\/i0.wp.com\/archiveparis.com\/wp-content\/uploads\/2026\/04\/FRONT-WITH-BOX_high_res-46-scaled.jpg?resize=900%2C1194&amp;ssl=1 900w\" sizes=\"auto, (max-width: 1140px) 100vw, 1140px\" \/><\/a>\n\t\t\t\t<div class=\"actions-wrapper\">\n\t\t\t<div class=\"actions-inner\">\n\t\t\t\t\t\t\t\t\t\t\t\t\t\t\t<\/div>\n\t\t<\/div>\n\t<\/figure>\n\t<div class=\"caption\">\n\t\t<div class=\"product-title\">\n\t\t\t<h3><a class=\"product-link\" href=\"https:\/\/archiveparis.com\/product\/creme-de-jour-hydratante\/\" title=\"Cr\u00e8me de jour hydratante\">Cr\u00e8me de jour hydratante<\/a><\/h3>\n\t\t\tloop\t\t<\/div>\n\t\t\n\t\t<div class=\"product_after_title\">\n\n\t\t\t<div class=\"product_after_shop_loop_price\">\n\t\t\t\t\n\t<span class=\"price\"><span class=\"woocommerce-Price-amount amount\"><bdi>30&nbsp;<span class=\"woocommerce-Price-currencySymbol\">&euro;<\/span><\/bdi><\/span><\/span>\n       \n       <div id=\"lystes-product-block\">\n           <div class=\"rating\">\n               \u2605\u2605\u2605\u2605\u2605 <span class=\"reviews\">(15)<\/span>\n           <\/div>\n           <ul class=\"benefits\">\n               <li><\/li>\n               <li><\/li>\n           <\/ul>\n       <\/div>\n   \n       <div id=\"wc-stripe-bnpl-shop-msg-119596\" class=\"wc-stripe-bnpl-shop-message\"><\/div>\t\t\t<\/div>\n\n\t\t\t<div class=\"product-excerpt\">\n\t\t\t\t<p class=\"font-claude-response-body break-words whitespace-normal leading-[1.7]\">R\u00e9v\u00e9lez l&#8217;\u00e9clat de votre peau avec cette cr\u00e8me de jour \u00e0 la texture soyeuse et p\u00e9n\u00e9tration rapide. Enrichie en acide hyaluronique multi-poids mol\u00e9culaire et bisabolol apaisant, elle offre une hydratation intense et durable pour une peau velout\u00e9e, repulp\u00e9e et prot\u00e9g\u00e9e tout au long de la journ\u00e9e. L&#8217;extrait de sorbier riche en antioxydants pr\u00e9serve votre jeunesse en luttant contre les agressions environnementales. Son d\u00e9licat parfum de m\u00e9lisse aux notes florales sublime votre rituel beaut\u00e9 matinal.<\/p>\n<ul class=\"[li_&amp;]:mb-0 [li_&amp;]:mt-1 [li_&amp;]:gap-1 [&amp;:not(:last-child)_ul]:pb-1 [&amp;:not(:last-child)_ol]:pb-1 list-disc flex flex-col gap-1 pl-8 mb-3\">\n<li class=\"whitespace-normal break-words pl-2\"><strong>Hydratation intense multi-niveaux<\/strong> \u2013 L&#8217;acide hyaluronique de diff\u00e9rents poids mol\u00e9culaires hydrate en profondeur et en surface pour une peau repulp\u00e9e, lisse et confortable toute la journ\u00e9e<\/li>\n<li class=\"whitespace-normal break-words pl-2\"><strong>Protection antioxydante<\/strong> \u2013 Les extraits de sorbier, m\u00fbre et framboise prot\u00e8gent la peau des radicaux libres et des agressions environnementales pour pr\u00e9server son \u00e9clat et sa jeunesse<\/li>\n<li class=\"whitespace-normal break-words pl-2\"><strong>Formule clean certifi\u00e9e naturelle<\/strong> \u2013 V\u00e9g\u00e9talienne, sans gluten, sans noix, enrichie en jus d&#8217;alo\u00e8s et huile de jojoba pour nourrir sans alourdir<\/li>\n<\/ul>\n\t\t\t<\/div>\n\n\t\t\t<div class=\"after_shop_loop_actions\">\n\n\t\t\t\t    \n   \n    <div class=\"wpb_wrapper\" style=\"display: flex;padding-top: 10px;padding-bottom: 10px; height:38px;\">\n      <div class=\"wpb_text_column wpb_content_element text-promo ou\">\n        <div class=\"wpb_wrapper\">\n          <p style=\"font-family: 'futuralightbt';font-size: 9px!important;padding-top: 2px;font-weight: 100;\">Or<\/p>\n        <\/div>\n      <\/div>\n      <div class=\"wpb_text_column wpb_content_element text-promo pricing\">\n        <div class=\"wpb_wrapper\">\n          <p style=\"font-size: 15px;color: #000;letter-spacing: -1px;padding-left: 0;font-family: Jost;padding-top: 0px;\">3<\/p>\n        <\/div>\n      <\/div>\n      <div class=\"wpb_text_column wpb_content_element text-promo euro\">\n        <div class=\"wpb_wrapper\">\n          <p style=\"padding-top: 3px;color: #000;margin-top: 0px;position: absolute;margin-left: 2px;font-size: 11px;\">\u20ac<\/p>\n        <\/div>\n      <\/div>\n      <div class=\"wpb_text_column wpb_content_element text-promo mois\">\n        <div class=\"wpb_wrapper\">\n          <p style=\"padding-top: 0;margin-left: 11px;color: #000;margin-top: 2px;font-size: 8px;font-weight: 100;\">\/month for 10 months (excl. fees)<\/p>\n        <\/div>\n      <\/div>\n    <\/div>\n    <div id=\"et-button-6209e6b254e92\" class=\"et_btn_align_left\">\n      <a href=\"https:\/\/archiveparis.com\/product\/creme-de-jour-hydratante\/\" class=\"et_btn button et_btn_md solid color-\" role=\"button\" title=\"\" tabindex=\"0\"><span>Pay up to 10 installments<\/span><\/a>\n    <\/div>\n    <a href=\"\/en\/wp-json\/wp\/v2\/pages\/114189?add-to-cart=119596\" data-quantity=\"1\" class=\"button product_type_simple add_to_cart_button ajax_add_to_cart\" data-product_id=\"119596\" data-product_sku=\"\" aria-label=\"Add to cart: &ldquo;Cr\u00e8me de jour hydratante&rdquo;\" rel=\"nofollow\" data-success_message=\"&ldquo;Cr\u00e8me de jour hydratante&rdquo; has been added to your cart\" role=\"button\"><span class=\"text\">Add to cart<\/span><span class=\"icon\"><span class=\"et-icon et-shopping-bag\"><\/span><\/span><\/a>\t\t\t<\/div>\n\n\t\t<\/div>\n\n\t\t\n\t<\/div>\n\n\t<\/div>\n\n<\/li>\n<li class=\"item et-listing-style1 col-6 col-sm-6 col-md-4 col-lg-3 small_grid_5 product type-product post-119614 status-publish instock product_cat-skin has-post-thumbnail taxable shipping-taxable purchasable product-type-simple\">\n\t<div class=\"product-inner animation bottom-to-top\">\n\t\t<figure class=\"product_thumbnail \">  \n\t\t<a href=\"https:\/\/archiveparis.com\/product\/creme-hydratante-pour-peaux-sensibles\/\" title=\"Cr\u00e8me hydratante pour peaux sensibles\"><img data-recalc-dims=\"1\" loading=\"lazy\" decoding=\"async\" width=\"1140\" height=\"1512\" src=\"https:\/\/i0.wp.com\/archiveparis.com\/wp-content\/uploads\/2026\/04\/FRONT-WITH-BOX_high_res-47-scaled.jpg?resize=1140%2C1512&#038;ssl=1\" class=\"main-image skip-lazy wp-post-image\" alt=\"\" srcset=\"https:\/\/i0.wp.com\/archiveparis.com\/wp-content\/uploads\/2026\/04\/FRONT-WITH-BOX_high_res-47-scaled.jpg?w=1930&amp;ssl=1 1930w, https:\/\/i0.wp.com\/archiveparis.com\/wp-content\/uploads\/2026\/04\/FRONT-WITH-BOX_high_res-47-scaled.jpg?resize=226%2C300&amp;ssl=1 226w, https:\/\/i0.wp.com\/archiveparis.com\/wp-content\/uploads\/2026\/04\/FRONT-WITH-BOX_high_res-47-scaled.jpg?resize=772%2C1024&amp;ssl=1 772w, https:\/\/i0.wp.com\/archiveparis.com\/wp-content\/uploads\/2026\/04\/FRONT-WITH-BOX_high_res-47-scaled.jpg?resize=768%2C1019&amp;ssl=1 768w, https:\/\/i0.wp.com\/archiveparis.com\/wp-content\/uploads\/2026\/04\/FRONT-WITH-BOX_high_res-47-scaled.jpg?resize=1158%2C1536&amp;ssl=1 1158w, https:\/\/i0.wp.com\/archiveparis.com\/wp-content\/uploads\/2026\/04\/FRONT-WITH-BOX_high_res-47-scaled.jpg?resize=1544%2C2048&amp;ssl=1 1544w, https:\/\/i0.wp.com\/archiveparis.com\/wp-content\/uploads\/2026\/04\/FRONT-WITH-BOX_high_res-47-scaled.jpg?resize=113%2C150&amp;ssl=1 113w, https:\/\/i0.wp.com\/archiveparis.com\/wp-content\/uploads\/2026\/04\/FRONT-WITH-BOX_high_res-47-scaled.jpg?resize=900%2C1194&amp;ssl=1 900w\" sizes=\"auto, (max-width: 1140px) 100vw, 1140px\" \/><\/a>\n\t\t\t\t<div class=\"actions-wrapper\">\n\t\t\t<div class=\"actions-inner\">\n\t\t\t\t\t\t\t\t\t\t\t\t\t\t\t<\/div>\n\t\t<\/div>\n\t<\/figure>\n\t<div class=\"caption\">\n\t\t<div class=\"product-title\">\n\t\t\t<h3><a class=\"product-link\" href=\"https:\/\/archiveparis.com\/product\/creme-hydratante-pour-peaux-sensibles\/\" title=\"Cr\u00e8me hydratante pour peaux sensibles\">Cr\u00e8me hydratante pour peaux sensibles<\/a><\/h3>\n\t\t\tloop\t\t<\/div>\n\t\t\n\t\t<div class=\"product_after_title\">\n\n\t\t\t<div class=\"product_after_shop_loop_price\">\n\t\t\t\t\n\t<span class=\"price\"><span class=\"woocommerce-Price-amount amount\"><bdi>36&nbsp;<span class=\"woocommerce-Price-currencySymbol\">&euro;<\/span><\/bdi><\/span><\/span>\n       \n       <div id=\"lystes-product-block\">\n           <div class=\"rating\">\n               \u2605\u2605\u2605\u2605\u2605 <span class=\"reviews\">(20)<\/span>\n           <\/div>\n           <ul class=\"benefits\">\n               <li><\/li>\n               <li><\/li>\n           <\/ul>\n       <\/div>\n   \n       <div id=\"wc-stripe-bnpl-shop-msg-119614\" class=\"wc-stripe-bnpl-shop-message\"><\/div>\t\t\t<\/div>\n\n\t\t\t<div class=\"product-excerpt\">\n\t\t\t\t<p class=\"font-claude-response-body break-words whitespace-normal leading-[1.7]\">La solution apaisante id\u00e9ale pour les peaux r\u00e9actives et sujettes aux rougeurs. Cette cr\u00e8me certifi\u00e9e biologique et sans parfum combine jus d&#8217;alo\u00e8s, acide hyaluronique et huile de jojoba pour hydrater intens\u00e9ment tout en calmant les irritations. Sa formule minimaliste et ultra-tol\u00e9rante respecte les peaux les plus d\u00e9licates pour un confort imm\u00e9diat et durable.<\/p>\n<ul class=\"[li_&amp;]:mb-0 [li_&amp;]:mt-1 [li_&amp;]:gap-1 [&amp;:not(:last-child)_ul]:pb-1 [&amp;:not(:last-child)_ol]:pb-1 list-disc flex flex-col gap-1 pl-8 mb-3\">\n<li class=\"whitespace-normal break-words pl-2\"><strong>Apaisement et r\u00e9duction des rougeurs<\/strong> \u2013 Le jus d&#8217;alo\u00e8s et le PCA de sodium calment instantan\u00e9ment les irritations, r\u00e9duisent les rougeurs et restaurent la barri\u00e8re cutan\u00e9e fragilis\u00e9e<\/li>\n<li class=\"whitespace-normal break-words pl-2\"><strong>Hydratation intense et durable<\/strong> \u2013 L&#8217;acide hyaluronique retient l&#8217;eau dans la peau tandis que l&#8217;huile de jojoba nourrit sans alourdir pour un confort toute la journ\u00e9e<\/li>\n<li class=\"whitespace-normal break-words pl-2\"><strong>Formule ultra-clean et hypoallerg\u00e9nique<\/strong> \u2013 Certifi\u00e9e bio, v\u00e9g\u00e9talienne, sans parfum, sans allerg\u00e8nes \u00e9tiquet\u00e9s, sans gluten, sans noix : tol\u00e9rance maximale pour les peaux les plus sensibles<\/li>\n<\/ul>\n\t\t\t<\/div>\n\n\t\t\t<div class=\"after_shop_loop_actions\">\n\n\t\t\t\t    \n   \n    <div class=\"wpb_wrapper\" style=\"display: flex;padding-top: 10px;padding-bottom: 10px; height:38px;\">\n      <div class=\"wpb_text_column wpb_content_element text-promo ou\">\n        <div class=\"wpb_wrapper\">\n          <p style=\"font-family: 'futuralightbt';font-size: 9px!important;padding-top: 2px;font-weight: 100;\">Or<\/p>\n        <\/div>\n      <\/div>\n      <div class=\"wpb_text_column wpb_content_element text-promo pricing\">\n        <div class=\"wpb_wrapper\">\n          <p style=\"font-size: 15px;color: #000;letter-spacing: -1px;padding-left: 0;font-family: Jost;padding-top: 0px;\">4<\/p>\n        <\/div>\n      <\/div>\n      <div class=\"wpb_text_column wpb_content_element text-promo euro\">\n        <div class=\"wpb_wrapper\">\n          <p style=\"padding-top: 3px;color: #000;margin-top: 0px;position: absolute;margin-left: 2px;font-size: 11px;\">\u20ac<\/p>\n        <\/div>\n      <\/div>\n      <div class=\"wpb_text_column wpb_content_element text-promo mois\">\n        <div class=\"wpb_wrapper\">\n          <p style=\"padding-top: 0;margin-left: 11px;color: #000;margin-top: 2px;font-size: 8px;font-weight: 100;\">\/month for 10 months (excl. fees)<\/p>\n        <\/div>\n      <\/div>\n    <\/div>\n    <div id=\"et-button-6209e6b254e92\" class=\"et_btn_align_left\">\n      <a href=\"https:\/\/archiveparis.com\/product\/creme-hydratante-pour-peaux-sensibles\/\" class=\"et_btn button et_btn_md solid color-\" role=\"button\" title=\"\" tabindex=\"0\"><span>Pay up to 10 installments<\/span><\/a>\n    <\/div>\n    <a href=\"\/en\/wp-json\/wp\/v2\/pages\/114189?add-to-cart=119614\" data-quantity=\"1\" class=\"button product_type_simple add_to_cart_button ajax_add_to_cart\" data-product_id=\"119614\" data-product_sku=\"\" aria-label=\"Add to cart: &ldquo;Cr\u00e8me hydratante pour peaux sensibles&rdquo;\" rel=\"nofollow\" data-success_message=\"&ldquo;Cr\u00e8me hydratante pour peaux sensibles&rdquo; has been added to your cart\" role=\"button\"><span class=\"text\">Add to cart<\/span><span class=\"icon\"><span class=\"et-icon et-shopping-bag\"><\/span><\/span><\/a>\t\t\t<\/div>\n\n\t\t<\/div>\n\n\t\t\n\t<\/div>\n\n\t<\/div>\n\n<\/li>\n<li class=\"item et-listing-style1 col-6 col-sm-6 col-md-4 col-lg-3 small_grid_5 product type-product post-119630 status-publish instock product_cat-skin has-post-thumbnail taxable shipping-taxable purchasable product-type-simple\">\n\t<div class=\"product-inner animation bottom-to-top\">\n\t\t<figure class=\"product_thumbnail \">  \n\t\t<a href=\"https:\/\/archiveparis.com\/product\/serum-eclat-a-la-vitamine-c\/\" title=\"S\u00e9rum \u00c9clat \u00e0 la Vitamine C\"><img data-recalc-dims=\"1\" loading=\"lazy\" decoding=\"async\" width=\"1140\" height=\"1512\" src=\"https:\/\/i0.wp.com\/archiveparis.com\/wp-content\/uploads\/2026\/04\/FRONT-WITH-BOX_high_res-51-scaled.jpg?resize=1140%2C1512&#038;ssl=1\" class=\"main-image skip-lazy wp-post-image\" alt=\"\" srcset=\"https:\/\/i0.wp.com\/archiveparis.com\/wp-content\/uploads\/2026\/04\/FRONT-WITH-BOX_high_res-51-scaled.jpg?w=1930&amp;ssl=1 1930w, https:\/\/i0.wp.com\/archiveparis.com\/wp-content\/uploads\/2026\/04\/FRONT-WITH-BOX_high_res-51-scaled.jpg?resize=226%2C300&amp;ssl=1 226w, https:\/\/i0.wp.com\/archiveparis.com\/wp-content\/uploads\/2026\/04\/FRONT-WITH-BOX_high_res-51-scaled.jpg?resize=772%2C1024&amp;ssl=1 772w, https:\/\/i0.wp.com\/archiveparis.com\/wp-content\/uploads\/2026\/04\/FRONT-WITH-BOX_high_res-51-scaled.jpg?resize=768%2C1019&amp;ssl=1 768w, https:\/\/i0.wp.com\/archiveparis.com\/wp-content\/uploads\/2026\/04\/FRONT-WITH-BOX_high_res-51-scaled.jpg?resize=1158%2C1536&amp;ssl=1 1158w, https:\/\/i0.wp.com\/archiveparis.com\/wp-content\/uploads\/2026\/04\/FRONT-WITH-BOX_high_res-51-scaled.jpg?resize=1544%2C2048&amp;ssl=1 1544w, https:\/\/i0.wp.com\/archiveparis.com\/wp-content\/uploads\/2026\/04\/FRONT-WITH-BOX_high_res-51-scaled.jpg?resize=113%2C150&amp;ssl=1 113w, https:\/\/i0.wp.com\/archiveparis.com\/wp-content\/uploads\/2026\/04\/FRONT-WITH-BOX_high_res-51-scaled.jpg?resize=900%2C1194&amp;ssl=1 900w\" sizes=\"auto, (max-width: 1140px) 100vw, 1140px\" \/><\/a>\n\t\t\t\t<div class=\"actions-wrapper\">\n\t\t\t<div class=\"actions-inner\">\n\t\t\t\t\t\t\t\t\t\t\t\t\t\t\t<\/div>\n\t\t<\/div>\n\t<\/figure>\n\t<div class=\"caption\">\n\t\t<div class=\"product-title\">\n\t\t\t<h3><a class=\"product-link\" href=\"https:\/\/archiveparis.com\/product\/serum-eclat-a-la-vitamine-c\/\" title=\"S\u00e9rum \u00c9clat \u00e0 la Vitamine C\">S\u00e9rum \u00c9clat \u00e0 la Vitamine C<\/a><\/h3>\n\t\t\tloop\t\t<\/div>\n\t\t\n\t\t<div class=\"product_after_title\">\n\n\t\t\t<div class=\"product_after_shop_loop_price\">\n\t\t\t\t\n\t<span class=\"price\"><span class=\"woocommerce-Price-amount amount\"><bdi>35&nbsp;<span class=\"woocommerce-Price-currencySymbol\">&euro;<\/span><\/bdi><\/span><\/span>\n       \n       <div id=\"lystes-product-block\">\n           <div class=\"rating\">\n               \u2605\u2605\u2605\u2605\u2605 <span class=\"reviews\">(13)<\/span>\n           <\/div>\n           <ul class=\"benefits\">\n               <li><\/li>\n               <li><\/li>\n           <\/ul>\n       <\/div>\n   \n       <div id=\"wc-stripe-bnpl-shop-msg-119630\" class=\"wc-stripe-bnpl-shop-message\"><\/div>\t\t\t<\/div>\n\n\t\t\t<div class=\"product-excerpt\">\n\t\t\t\t<p class=\"font-claude-response-body break-words whitespace-normal leading-[1.7]\">R\u00e9v\u00e9lez l&#8217;\u00e9clat naturel de votre peau avec ce s\u00e9rum concentr\u00e9 en vitamine C stabilis\u00e9e (2% Ascorbylglucoside) et acide f\u00e9rulique. Sa formule l\u00e9g\u00e8re unifie le teint, raffermit la peau et stimule l&#8217;hydratation gr\u00e2ce \u00e0 l&#8217;acide hyaluronique. Enrichi en huiles pr\u00e9cieuses (jojoba, rose musqu\u00e9e, amande, avocat), il nourrit et adoucit pour une peau visiblement plus jeune et lumineuse. Son d\u00e9licat parfum de mandarine aux notes florales transforme votre routine en un moment de plaisir.<\/p>\n<ul class=\"[li_&amp;]:mb-0 [li_&amp;]:mt-1 [li_&amp;]:gap-1 [&amp;:not(:last-child)_ul]:pb-1 [&amp;:not(:last-child)_ol]:pb-1 list-disc flex flex-col gap-1 pl-8 mb-3\">\n<li class=\"whitespace-normal break-words pl-2\"><strong>\u00c9clat et anti-\u00e2ge<\/strong> \u2013 La vitamine C naturelle stabilis\u00e9e et l&#8217;acide f\u00e9rulique (1%) luttent contre les signes du vieillissement, uniformisent le teint et r\u00e9duisent les taches pigmentaires pour une peau radieuse<\/li>\n<li class=\"whitespace-normal break-words pl-2\"><strong>Hydratation et repulpement<\/strong> \u2013 L&#8217;acide hyaluronique et le PCA de sodium retiennent l&#8217;eau dans la peau pour un effet rebond imm\u00e9diat et une peau liss\u00e9e, repulp\u00e9e<\/li>\n<li class=\"whitespace-normal break-words pl-2\"><strong>Nutrition intense<\/strong> \u2013 Le cocktail d&#8217;huiles pr\u00e9cieuses (rose musqu\u00e9e, avocat, jojoba, amande, bourdaine) nourrit, adoucit et renforce la barri\u00e8re cutan\u00e9e sans alourdir<\/li>\n<\/ul>\n<p class=\"font-claude-response-body break-words whitespace-normal leading-[1.7]\"><strong>Formule certifi\u00e9e naturelle<\/strong> \u2013 V\u00e9g\u00e9talienne, sans gluten, pour un soin clean et efficace \u00e0 appliquer matin et\/ou soir sur peau nettoy\u00e9e<\/p>\n\t\t\t<\/div>\n\n\t\t\t<div class=\"after_shop_loop_actions\">\n\n\t\t\t\t    \n   \n    <div class=\"wpb_wrapper\" style=\"display: flex;padding-top: 10px;padding-bottom: 10px; height:38px;\">\n      <div class=\"wpb_text_column wpb_content_element text-promo ou\">\n        <div class=\"wpb_wrapper\">\n          <p style=\"font-family: 'futuralightbt';font-size: 9px!important;padding-top: 2px;font-weight: 100;\">Or<\/p>\n        <\/div>\n      <\/div>\n      <div class=\"wpb_text_column wpb_content_element text-promo pricing\">\n        <div class=\"wpb_wrapper\">\n          <p style=\"font-size: 15px;color: #000;letter-spacing: -1px;padding-left: 0;font-family: Jost;padding-top: 0px;\">4<\/p>\n        <\/div>\n      <\/div>\n      <div class=\"wpb_text_column wpb_content_element text-promo euro\">\n        <div class=\"wpb_wrapper\">\n          <p style=\"padding-top: 3px;color: #000;margin-top: 0px;position: absolute;margin-left: 2px;font-size: 11px;\">\u20ac<\/p>\n        <\/div>\n      <\/div>\n      <div class=\"wpb_text_column wpb_content_element text-promo mois\">\n        <div class=\"wpb_wrapper\">\n          <p style=\"padding-top: 0;margin-left: 11px;color: #000;margin-top: 2px;font-size: 8px;font-weight: 100;\">\/month for 10 months (excl. fees)<\/p>\n        <\/div>\n      <\/div>\n    <\/div>\n    <div id=\"et-button-6209e6b254e92\" class=\"et_btn_align_left\">\n      <a href=\"https:\/\/archiveparis.com\/product\/serum-eclat-a-la-vitamine-c\/\" class=\"et_btn button et_btn_md solid color-\" role=\"button\" title=\"\" tabindex=\"0\"><span>Pay up to 10 installments<\/span><\/a>\n    <\/div>\n    <a href=\"\/en\/wp-json\/wp\/v2\/pages\/114189?add-to-cart=119630\" data-quantity=\"1\" class=\"button product_type_simple add_to_cart_button ajax_add_to_cart\" data-product_id=\"119630\" data-product_sku=\"\" aria-label=\"Add to cart: &ldquo;S\u00e9rum \u00c9clat \u00e0 la Vitamine C&rdquo;\" rel=\"nofollow\" data-success_message=\"&ldquo;S\u00e9rum \u00c9clat \u00e0 la Vitamine C&rdquo; has been added to your cart\" role=\"button\"><span class=\"text\">Add to cart<\/span><span class=\"icon\"><span class=\"et-icon et-shopping-bag\"><\/span><\/span><\/a>\t\t\t<\/div>\n\n\t\t<\/div>\n\n\t\t\n\t<\/div>\n\n\t<\/div>\n\n<\/li>\n<li class=\"item et-listing-style1 col-6 col-sm-6 col-md-4 col-lg-3 small_grid_5 product type-product post-119620 status-publish last instock product_cat-skin has-post-thumbnail taxable shipping-taxable purchasable product-type-simple\">\n\t<div class=\"product-inner animation bottom-to-top\">\n\t\t<figure class=\"product_thumbnail \">  \n\t\t<a href=\"https:\/\/archiveparis.com\/product\/serum-naturel-a-base-dhuile-alternative-au-retinol-bio\/\" title=\"S\u00e9rum Naturel \u00e0 Base d&#8217;Huile \u2013 Alternative au R\u00e9tinol\"><img data-recalc-dims=\"1\" loading=\"lazy\" decoding=\"async\" width=\"1140\" height=\"1512\" src=\"https:\/\/i0.wp.com\/archiveparis.com\/wp-content\/uploads\/2026\/04\/FRONT-WITH-BOX_high_res-49-scaled.jpg?resize=1140%2C1512&#038;ssl=1\" class=\"main-image skip-lazy wp-post-image\" alt=\"\" srcset=\"https:\/\/i0.wp.com\/archiveparis.com\/wp-content\/uploads\/2026\/04\/FRONT-WITH-BOX_high_res-49-scaled.jpg?w=1930&amp;ssl=1 1930w, https:\/\/i0.wp.com\/archiveparis.com\/wp-content\/uploads\/2026\/04\/FRONT-WITH-BOX_high_res-49-scaled.jpg?resize=226%2C300&amp;ssl=1 226w, https:\/\/i0.wp.com\/archiveparis.com\/wp-content\/uploads\/2026\/04\/FRONT-WITH-BOX_high_res-49-scaled.jpg?resize=772%2C1024&amp;ssl=1 772w, https:\/\/i0.wp.com\/archiveparis.com\/wp-content\/uploads\/2026\/04\/FRONT-WITH-BOX_high_res-49-scaled.jpg?resize=768%2C1019&amp;ssl=1 768w, https:\/\/i0.wp.com\/archiveparis.com\/wp-content\/uploads\/2026\/04\/FRONT-WITH-BOX_high_res-49-scaled.jpg?resize=1158%2C1536&amp;ssl=1 1158w, https:\/\/i0.wp.com\/archiveparis.com\/wp-content\/uploads\/2026\/04\/FRONT-WITH-BOX_high_res-49-scaled.jpg?resize=1544%2C2048&amp;ssl=1 1544w, https:\/\/i0.wp.com\/archiveparis.com\/wp-content\/uploads\/2026\/04\/FRONT-WITH-BOX_high_res-49-scaled.jpg?resize=113%2C150&amp;ssl=1 113w, https:\/\/i0.wp.com\/archiveparis.com\/wp-content\/uploads\/2026\/04\/FRONT-WITH-BOX_high_res-49-scaled.jpg?resize=900%2C1194&amp;ssl=1 900w\" sizes=\"auto, (max-width: 1140px) 100vw, 1140px\" \/><\/a>\n\t\t\t\t<div class=\"actions-wrapper\">\n\t\t\t<div class=\"actions-inner\">\n\t\t\t\t\t\t\t\t\t\t\t\t\t\t\t<\/div>\n\t\t<\/div>\n\t<\/figure>\n\t<div class=\"caption\">\n\t\t<div class=\"product-title\">\n\t\t\t<h3><a class=\"product-link\" href=\"https:\/\/archiveparis.com\/product\/serum-naturel-a-base-dhuile-alternative-au-retinol-bio\/\" title=\"S\u00e9rum Naturel \u00e0 Base d&#8217;Huile \u2013 Alternative au R\u00e9tinol\">S\u00e9rum Naturel \u00e0 Base d&#8217;Huile \u2013 Alternative au R\u00e9tinol<\/a><\/h3>\n\t\t\tloop\t\t<\/div>\n\t\t\n\t\t<div class=\"product_after_title\">\n\n\t\t\t<div class=\"product_after_shop_loop_price\">\n\t\t\t\t\n\t<span class=\"price\"><span class=\"woocommerce-Price-amount amount\"><bdi>33&nbsp;<span class=\"woocommerce-Price-currencySymbol\">&euro;<\/span><\/bdi><\/span><\/span>\n       \n       <div id=\"lystes-product-block\">\n           <div class=\"rating\">\n               \u2605\u2605\u2605\u2605\u2605 <span class=\"reviews\">(4)<\/span>\n           <\/div>\n           <ul class=\"benefits\">\n               <li><\/li>\n               <li><\/li>\n           <\/ul>\n       <\/div>\n   \n       <div id=\"wc-stripe-bnpl-shop-msg-119620\" class=\"wc-stripe-bnpl-shop-message\"><\/div>\t\t\t<\/div>\n\n\t\t\t<div class=\"product-excerpt\">\n\t\t\t\t<p class=\"font-claude-response-body break-words whitespace-normal leading-[1.7]\">L&#8217;alternative naturelle et douce au r\u00e9tinol pour une peau rajeunie sans irritation. Ce s\u00e9rum multifonction concentr\u00e9 en bakuchiol et cynorrhodon (rose musqu\u00e9e) agit pendant la nuit pour r\u00e9duire visiblement les ridules et offrir \u00e0 votre peau fermet\u00e9, souplesse et \u00e9clat. Son cocktail d&#8217;huiles pr\u00e9cieuses de baies (framboise, fraise, myrtille) et d&#8217;onagre nourrit intens\u00e9ment sans alourdir. \u00c0 appliquer chaque soir sur peau nettoy\u00e9e pour un effet anti-\u00e2ge progressif. Son \u00e9l\u00e9gant parfum de rose aux notes \u00e9pic\u00e9es et bois\u00e9es sublime votre rituel beaut\u00e9 nocturne.<\/p>\n<ul class=\"[li_&amp;]:mb-0 [li_&amp;]:mt-1 [li_&amp;]:gap-1 [&amp;:not(:last-child)_ul]:pb-1 [&amp;:not(:last-child)_ol]:pb-1 list-disc flex flex-col gap-1 pl-8 mb-3\">\n<li class=\"whitespace-normal break-words pl-2\"><strong>Anti-\u00e2ge doux et efficace<\/strong> \u2013 Le bakuchiol, alternative naturelle au r\u00e9tinol, stimule le renouvellement cellulaire et r\u00e9duit les ridules sans irritation, parfait pour les peaux sensibles<\/li>\n<li class=\"whitespace-normal break-words pl-2\"><strong>R\u00e9g\u00e9n\u00e9ration et fermet\u00e9<\/strong> \u2013 L&#8217;huile de rose musqu\u00e9e riche en vitamine A et acides gras essentiels r\u00e9g\u00e9n\u00e8re la peau, am\u00e9liore son \u00e9lasticit\u00e9 et att\u00e9nue les signes du vieillissement<\/li>\n<li class=\"whitespace-normal break-words pl-2\"><strong>Nutrition intense nocturne<\/strong> \u2013 Le cocktail d&#8217;huiles de baies antioxydantes (framboise, fraise, myrtille) et d&#8217;onagre nourrit, r\u00e9pare et prot\u00e8ge pendant le sommeil pour un r\u00e9veil \u00e9clatant<\/li>\n<\/ul>\n<p class=\"font-claude-response-body break-words whitespace-normal leading-[1.7]\"><strong>Formule certifi\u00e9e bio<\/strong> \u2013 V\u00e9g\u00e9talienne, sans gluten, sans noix, 99% d&#8217;origine naturelle, 61% bio \u2013 Votre rituel anti-\u00e2ge naturel pour une peau transform\u00e9e<\/p>\n\t\t\t<\/div>\n\n\t\t\t<div class=\"after_shop_loop_actions\">\n\n\t\t\t\t    \n   \n    <div class=\"wpb_wrapper\" style=\"display: flex;padding-top: 10px;padding-bottom: 10px; height:38px;\">\n      <div class=\"wpb_text_column wpb_content_element text-promo ou\">\n        <div class=\"wpb_wrapper\">\n          <p style=\"font-family: 'futuralightbt';font-size: 9px!important;padding-top: 2px;font-weight: 100;\">Or<\/p>\n        <\/div>\n      <\/div>\n      <div class=\"wpb_text_column wpb_content_element text-promo pricing\">\n        <div class=\"wpb_wrapper\">\n          <p style=\"font-size: 15px;color: #000;letter-spacing: -1px;padding-left: 0;font-family: Jost;padding-top: 0px;\">3<\/p>\n        <\/div>\n      <\/div>\n      <div class=\"wpb_text_column wpb_content_element text-promo euro\">\n        <div class=\"wpb_wrapper\">\n          <p style=\"padding-top: 3px;color: #000;margin-top: 0px;position: absolute;margin-left: 2px;font-size: 11px;\">\u20ac<\/p>\n        <\/div>\n      <\/div>\n      <div class=\"wpb_text_column wpb_content_element text-promo mois\">\n        <div class=\"wpb_wrapper\">\n          <p style=\"padding-top: 0;margin-left: 11px;color: #000;margin-top: 2px;font-size: 8px;font-weight: 100;\">\/month for 10 months (excl. fees)<\/p>\n        <\/div>\n      <\/div>\n    <\/div>\n    <div id=\"et-button-6209e6b254e92\" class=\"et_btn_align_left\">\n      <a href=\"https:\/\/archiveparis.com\/product\/serum-naturel-a-base-dhuile-alternative-au-retinol-bio\/\" class=\"et_btn button et_btn_md solid color-\" role=\"button\" title=\"\" tabindex=\"0\"><span>Pay up to 10 installments<\/span><\/a>\n    <\/div>\n    <a href=\"\/en\/wp-json\/wp\/v2\/pages\/114189?add-to-cart=119620\" data-quantity=\"1\" class=\"button product_type_simple add_to_cart_button ajax_add_to_cart\" data-product_id=\"119620\" data-product_sku=\"\" aria-label=\"Add to cart: &ldquo;S\u00e9rum Naturel \u00e0 Base d&#039;Huile \u2013 Alternative au R\u00e9tinol&rdquo;\" rel=\"nofollow\" data-success_message=\"&ldquo;S\u00e9rum Naturel \u00e0 Base d&#039;Huile \u2013 Alternative au R\u00e9tinol&rdquo; has been added to your cart\" role=\"button\"><span class=\"text\">Add to cart<\/span><span class=\"icon\"><span class=\"et-icon et-shopping-bag\"><\/span><\/span><\/a>\t\t\t<\/div>\n\n\t\t<\/div>\n\n\t\t\n\t<\/div>\n\n\t<\/div>\n\n<\/li><\/ul>\n<\/div>[\/vc_column][\/vc_row][vc_section full_width=&#8221;stretch_row&#8221; full_height=&#8221;yes&#8221; content_placement=&#8221;middle&#8221; disable_element=&#8221;yes&#8221; el_id=&#8221;defilant&#8221; css=&#8221;.vc_custom_1777838933332{background-image: url(https:\/\/restofworksite.fr\/lilaparis\/wp-content\/uploads\/2023\/06\/Capture-decran-2023-06-27-174554.png?id=32260) !important;background-position: center !important;background-repeat: no-repeat !important;background-size: cover !important;}&#8221;][vc_row et_full_width=&#8221;true&#8221; et_column_align=&#8221;align-center&#8221; full_height=&#8221;yes&#8221; css=&#8221;.vc_custom_1756703393386{background-image: url(https:\/\/archiveparis.com\/wp-content\/uploads\/2025\/08\/WhatsApp-Image-2025-04-09-at-15.04.52-3-1.jpeg?id=119376) !important;}&#8221;][vc_column][\/vc_column][\/vc_row][\/vc_section][vc_row et_full_width=&#8221;true&#8221; et_row_padding=&#8221;true&#8221;][vc_column offset=&#8221;vc_hidden-xs&#8221;]\n\t\t\t<!-- START FUll REVOLUTION SLIDER 6.6.16 --><p class=\"rs-p-wp-fix\"><\/p>\n\t\t\t<rs-module-wrap id=\"rev_slider_5_3_wrapper\" data-source=\"gallery\" style=\"visibility:hidden;background:#0c0a0b;padding:0;\">\n\t\t\t\t<rs-module id=\"rev_slider_5_3\" style=\"\" data-version=\"6.6.16\">\n\t\t\t\t\t<rs-slides style=\"overflow: hidden; position: absolute;\">\n\t\t\t\t\t\t<rs-slide style=\"position: absolute;\" data-key=\"rs-25\" data-title=\"Creative\" data-anim=\"adpr:false;ms:2300;p:dark;\" data-in=\"o:0;\" data-out=\"o:0;\" data-p1=\"01\">\n\t\t\t\t\t\t\t<img data-recalc-dims=\"1\" decoding=\"async\" src=\"https:\/\/i0.wp.com\/archiveparis.com\/wp-content\/plugins\/revslider\/public\/assets\/assets\/dummy.png?resize=1140%2C570\" alt=\"\" title=\"freepik__two-ultrafeminine-ultra-beauty-scandinave-american__4761\" width=\"1140\" height=\"570\" class=\"rev-slidebg tp-rs-img rs-lazyload\" data-lazyload=\"\/\/archiveparis.com\/wp-content\/uploads\/2025\/06\/freepik__two-ultrafeminine-ultra-beauty-scandinave-american__4761-scaled.png\" data-bg=\"p:0% 30%;\" data-no-retina>\n<!--\n\t\t\t\t\t\t\t--><rs-layer\n\t\t\t\t\t\t\t\tid=\"slider-5-slide-25-layer-2\" \n\t\t\t\t\t\t\t\tclass=\"Creative-Title\"\n\t\t\t\t\t\t\t\tdata-type=\"text\"\n\t\t\t\t\t\t\t\tdata-color=\"#ffffff||rgba(255,255,255,1)||rgba(255,255,255,1)||rgba(255,255,255,1)\"\n\t\t\t\t\t\t\t\tdata-rsp_ch=\"on\"\n\t\t\t\t\t\t\t\tdata-xy=\"x:c;y:m;yo:57px,24px,-10px,-10px;\"\n\t\t\t\t\t\t\t\tdata-text=\"s:82,70,50,50;l:87,70,55,55;a:center;\"\n\t\t\t\t\t\t\t\tdata-frame_0=\"y:50px;tp:0px;\"\n\t\t\t\t\t\t\t\tdata-frame_1=\"tp:0px;e:power3.out;st:2550;sp:1500;\"\n\t\t\t\t\t\t\t\tdata-frame_999=\"x:0;y:0;z:0;sX:0.9;sY:0.9;o:0;rX:0;rY:0;rZ:0;skX:0;skY:0;tp:0px;st:w;sp:1000;\"\n\t\t\t\t\t\t\t\tstyle=\"z-index:7;font-family:'Playfair Display';\"\n\t\t\t\t\t\t\t> \n\t\t\t\t\t\t\t<\/rs-layer><!--\n\n\t\t\t\t\t\t\t--><h5\n\t\t\t\t\t\t\t\tid=\"slider-5-slide-25-layer-3\" \n\t\t\t\t\t\t\t\tclass=\"rs-layer Creative-SubTitle\"\n\t\t\t\t\t\t\t\tdata-type=\"text\"\n\t\t\t\t\t\t\t\tdata-rsp_ch=\"on\"\n\t\t\t\t\t\t\t\tdata-xy=\"x:c;y:m;yo:-8px,-8px,-81px,-81px;\"\n\t\t\t\t\t\t\t\tdata-text=\"s:14,14,11,11;l:14;ls:2px;a:center;\"\n\t\t\t\t\t\t\t\tdata-frame_0=\"y:50px;\"\n\t\t\t\t\t\t\t\tdata-frame_1=\"e:power3.out;st:2350;sp:1500;\"\n\t\t\t\t\t\t\t\tdata-frame_999=\"x:0;y:0;z:0;sX:0.9;sY:0.9;o:0;rX:0;rY:0;rZ:0;skX:0;skY:0;st:w;sp:1000;\"\n\t\t\t\t\t\t\t\tstyle=\"z-index:6;font-family:'Lato';text-transform:uppercase;\"\n\t\t\t\t\t\t\t> \n\t\t\t\t\t\t\t<\/h5><!--\n-->\t\t\t\t\t\t<\/rs-slide>\n\t\t\t\t\t<\/rs-slides>\n\t\t\t\t\t<rs-static-layers><!--\n\t\t\t\t\t--><\/rs-static-layers>\n\t\t\t\t<\/rs-module>\n\t\t\t\t<script>\n\t\t\t\t\tsetREVStartSize({c: 'rev_slider_5_3',rl:[1240,1024,778,778],el:[568,768,960,960],gw:[1240,1024,778,778],gh:[568,468,960,960],type:'hero',justify:'',layout:'fullscreen',offsetContainer:'',offset:'60px',mh:\"0\"});if (window.RS_MODULES!==undefined && window.RS_MODULES.modules!==undefined && window.RS_MODULES.modules[\"revslider53\"]!==undefined) {window.RS_MODULES.modules[\"revslider53\"].once = false;window.revapi5 = undefined;if (window.RS_MODULES.checkMinimal!==undefined) window.RS_MODULES.checkMinimal()}\n\t\t\t\t<\/script>\n\t\t\t<\/rs-module-wrap>\n\t\t\t<!-- END REVOLUTION SLIDER -->\n[\/vc_column][\/vc_row][vc_section full_width=&#8221;stretch_row&#8221; el_id=&#8221;aboutme&#8221; css=&#8221;.vc_custom_1777823550097{padding-top: 120px !important;background-position: center !important;background-repeat: no-repeat !important;background-size: cover !important;}&#8221;][vc_row css=&#8221;.vc_custom_1632583444096{padding-top: 45px !important;background-position: center !important;background-repeat: no-repeat !important;background-size: cover !important;}&#8221;][vc_column][vc_row_inner el_class=&#8221;contenair&#8221;][vc_column_inner width=&#8221;1\/2&#8243; css=&#8221;.vc_custom_1749230314304{background-image: url(https:\/\/archiveparis.com\/wp-content\/uploads\/2025\/06\/IMG_2364-2.jpg?id=119091) !important;background-position: center !important;background-repeat: no-repeat !important;background-size: contain !important;}&#8221;][vc_column_text el_id=&#8221;visio&#8221;]ABOUT ME[\/vc_column_text][vc_empty_space height=&#8221;350px&#8221;][\/vc_column_inner][vc_column_inner width=&#8221;1\/2&#8243; css=&#8221;.vc_custom_1632589765980{padding-left: 70px !important;}&#8221;][vc_column_text el_class=&#8221;titlescript&#8221;]Concept<\/p>\n<div id=\"gtx-trans\" style=\"position: absolute; left: 169px; top: 38px;\">\n<div class=\"gtx-trans-icon\"><\/div>\n<\/div>\n[\/vc_column_text][vc_column_text]\n<h2>Sublimer votre beaut\u00e9, relevez votre excellence<\/h2>\n[\/vc_column_text][vc_column_text]\n<p class=\"p1\"><span class=\"s1\">Archive Paris<\/span> est n\u00e9e d\u2019une id\u00e9e claire : cr\u00e9er des soins qui r\u00e9pondent aux <span class=\"s1\">standards les plus \u00e9lev\u00e9s de performance et de sensorialit\u00e9<\/span>, sans compromis. Chaque formule est pens\u00e9e pour <span class=\"s1\">r\u00e9v\u00e9ler la beaut\u00e9 naturelle<\/span> de la peau et des cheveux, avec des r\u00e9sultats visibles, une application agr\u00e9able, et une finition soign\u00e9e.<\/p>\n<p class=\"p1\">Derri\u00e8re <span class=\"s1\">Archive Paris<\/span>, il y a une vision : celle d\u2019une beaut\u00e9 <span class=\"s1\">confiante, pr\u00e9cise, assum\u00e9e<\/span>.<\/p>\n<p class=\"p3\"><span class=\"s2\">Chaque soin s\u2019adresse \u00e0 celles et ceux qui savent ce qu\u2019ils veulent : <\/span>des produits efficaces, agr\u00e9ables \u00e0 utiliser, avec une vraie diff\u00e9rence \u00e0 la cl\u00e9<span class=\"s2\">.<\/span><\/p>\n<p class=\"p1\">Nous s\u00e9lectionnons des <span class=\"s1\">actifs reconnus<\/span>, des <span class=\"s1\">textures \u00e9l\u00e9gantes<\/span>, et des <span class=\"s1\">parfums subtils<\/span>, pour transformer chaque \u00e9tape de soin en un moment de plaisir ma\u00eetris\u00e9.<\/p>\n<p class=\"p1\">Notre approche est exigeante, notre d\u00e9marche est claire : <span class=\"s1\">offrir des soins qui tiennent leurs promesses<\/span>.<\/p>\n<p class=\"p3\">Archive Paris<span class=\"s2\">, c\u2019est la <\/span>ma\u00eetrise cosm\u00e9tique<span class=\"s2\">, le <\/span>raffinement de la formulation<span class=\"s2\">, et <\/span>l\u2019exigence du r\u00e9sultat<span class=\"s2\">.<\/span><\/p>\n<hr \/>\n[\/vc_column_text][\/vc_column_inner][\/vc_row_inner][\/vc_column][\/vc_row][\/vc_section][vc_section full_width=&#8221;stretch_row&#8221; el_id=&#8221;Bachelor&#8221; css=&#8221;.vc_custom_1777825581671{background-color: #4f2c0f !important;}&#8221;][vc_row el_class=&#8221;container&#8221;][vc_column width=&#8221;1\/2&#8243; el_class=&#8221;white&#8221;][vc_column_text]<img data-recalc-dims=\"1\" loading=\"lazy\" decoding=\"async\" class=\"alignnone size-full wp-image-119089\" src=\"https:\/\/i0.wp.com\/archiveparis.com\/wp-content\/uploads\/2025\/06\/f23cd756-26d3-4041-afbf-7509cf93e856.jpg?resize=1081%2C1600&#038;ssl=1\" alt=\"\" width=\"1081\" height=\"1600\" srcset=\"https:\/\/i0.wp.com\/archiveparis.com\/wp-content\/uploads\/2025\/06\/f23cd756-26d3-4041-afbf-7509cf93e856.jpg?w=1081&amp;ssl=1 1081w, https:\/\/i0.wp.com\/archiveparis.com\/wp-content\/uploads\/2025\/06\/f23cd756-26d3-4041-afbf-7509cf93e856.jpg?resize=203%2C300&amp;ssl=1 203w, https:\/\/i0.wp.com\/archiveparis.com\/wp-content\/uploads\/2025\/06\/f23cd756-26d3-4041-afbf-7509cf93e856.jpg?resize=692%2C1024&amp;ssl=1 692w, https:\/\/i0.wp.com\/archiveparis.com\/wp-content\/uploads\/2025\/06\/f23cd756-26d3-4041-afbf-7509cf93e856.jpg?resize=768%2C1137&amp;ssl=1 768w, https:\/\/i0.wp.com\/archiveparis.com\/wp-content\/uploads\/2025\/06\/f23cd756-26d3-4041-afbf-7509cf93e856.jpg?resize=1038%2C1536&amp;ssl=1 1038w, https:\/\/i0.wp.com\/archiveparis.com\/wp-content\/uploads\/2025\/06\/f23cd756-26d3-4041-afbf-7509cf93e856.jpg?resize=101%2C150&amp;ssl=1 101w, https:\/\/i0.wp.com\/archiveparis.com\/wp-content\/uploads\/2025\/06\/f23cd756-26d3-4041-afbf-7509cf93e856.jpg?resize=900%2C1332&amp;ssl=1 900w\" sizes=\"auto, (max-width: 1081px) 100vw, 1081px\" \/>[\/vc_column_text][\/vc_column][vc_column width=&#8221;1\/2&#8243;][vc_column_text]<img data-recalc-dims=\"1\" loading=\"lazy\" decoding=\"async\" class=\"alignnone size-full wp-image-119085\" src=\"https:\/\/i0.wp.com\/archiveparis.com\/wp-content\/uploads\/2025\/06\/WhatsApp-Image-2025-04-09-at-15.04.52-1-3.jpeg?resize=1140%2C1597&#038;ssl=1\" alt=\"\" width=\"1140\" height=\"1597\" srcset=\"https:\/\/i0.wp.com\/archiveparis.com\/wp-content\/uploads\/2025\/06\/WhatsApp-Image-2025-04-09-at-15.04.52-1-3.jpeg?w=1142&amp;ssl=1 1142w, https:\/\/i0.wp.com\/archiveparis.com\/wp-content\/uploads\/2025\/06\/WhatsApp-Image-2025-04-09-at-15.04.52-1-3.jpeg?resize=214%2C300&amp;ssl=1 214w, https:\/\/i0.wp.com\/archiveparis.com\/wp-content\/uploads\/2025\/06\/WhatsApp-Image-2025-04-09-at-15.04.52-1-3.jpeg?resize=731%2C1024&amp;ssl=1 731w, https:\/\/i0.wp.com\/archiveparis.com\/wp-content\/uploads\/2025\/06\/WhatsApp-Image-2025-04-09-at-15.04.52-1-3.jpeg?resize=768%2C1076&amp;ssl=1 768w, https:\/\/i0.wp.com\/archiveparis.com\/wp-content\/uploads\/2025\/06\/WhatsApp-Image-2025-04-09-at-15.04.52-1-3.jpeg?resize=1096%2C1536&amp;ssl=1 1096w, https:\/\/i0.wp.com\/archiveparis.com\/wp-content\/uploads\/2025\/06\/WhatsApp-Image-2025-04-09-at-15.04.52-1-3.jpeg?resize=107%2C150&amp;ssl=1 107w, https:\/\/i0.wp.com\/archiveparis.com\/wp-content\/uploads\/2025\/06\/WhatsApp-Image-2025-04-09-at-15.04.52-1-3.jpeg?resize=900%2C1261&amp;ssl=1 900w\" sizes=\"auto, (max-width: 1140px) 100vw, 1140px\" \/>[\/vc_column_text][\/vc_column][\/vc_row][\/vc_section][vc_row et_full_width=&#8221;true&#8221; et_row_padding=&#8221;true&#8221; et_column_align=&#8221;align-center&#8221; disable_element=&#8221;yes&#8221; css=&#8221;.vc_custom_1777829616746{padding-top: 60px !important;}&#8221;][vc_column][vc_column_text]           <div class=\"full-width-container\">\n               <div class=\"image-grid-container\">\n                   <div id=\"colonne1\" class=\"image-column\" style=\"background-image: url('https:\/\/archiveparis.com\/wp-content\/uploads\/2025\/07\/f23cd756-26d3-4041-afbf-7509cf93e856-1.jpg');\">\n                       <span class=\"label-text\"><\/span>\n                   <\/div>\n                   <div class=\"separator\"><\/div>\n                   <div id=\"colonne2\" class=\"image-column\" style=\"background-image: url('https:\/\/archiveparis.com\/wp-content\/uploads\/2025\/06\/IMG_2368-2.jpg');\">\n                       <span class=\"label-text\"><\/span>\n                   <\/div>\n                   <div class=\"separator\"><\/div>\n                   <div id=\"colonne3\" class=\"image-column\" style=\"background-image: url('https:\/\/archiveparis.com\/wp-content\/uploads\/2025\/07\/freepik__two-ultrafeminine-ultra-beauty-black-american-fema__96041-2-scaled-4.png');background-position: 0 -142px;\">\n                       <span class=\"label-text\"><\/span>\n                   <\/div>\n                   <h1 style=\" position: absolute; left: 0; right: 0; font-size: 171px; line-height: 181px!important!important; bottom: 133px; color: #f1ff00; \">Skin Care<\/h1>\n               <\/div>\n           <\/div>\n           [\/vc_column_text][\/vc_column][\/vc_row]\n<\/div>","protected":false},"excerpt":{"rendered":"<p>[vc_row et_full_width=&#8221;true&#8221; et_row_padding=&#8221;true&#8221;][vc_column offset=&#8221;vc_hidden-xs&#8221;][\/vc_column][\/vc_row][vc_row et_full_width=&#8221;true&#8221; et_row_padding=&#8221;true&#8221;][vc_column offset=&#8221;vc_hidden-lg vc_hidden-md vc_hidden-sm&#8221;][\/vc_column][\/vc_row][vc_row et_full_width=&#8221;true&#8221; et_row_padding=&#8221;true&#8221; et_column_align=&#8221;align-center&#8221; el_class=&#8221;container&#8221; css=&#8221;.vc_custom_1777823415045{padding-top: 60px !important;}&#8221; el_id=&#8221;boxtext&#8221;][vc_column offset=&#8221;vc_hidden-sm vc_hidden-xs&#8221;][vc_column_text][\/vc_column_text][\/vc_column][\/vc_row][vc_row et_full_width=&#8221;true&#8221; et_row_padding=&#8221;true&#8221; et_column_align=&#8221;align-center&#8221; el_class=&#8221;container&#8221; css=&#8221;.vc_custom_1777823408474{padding-top: 60px !important;}&#8221; el_id=&#8221;intro&#8221;][vc_column][vc_row_inner et_row_padding=&#8221;true&#8221; el_class=&#8221;min-container&#8221;][vc_column_inner el_class=&#8221;left&#8221; width=&#8221;1\/4&#8243;][\/vc_column_inner][vc_column_inner width=&#8221;1\/2&#8243;][vc_column_text el_class=&#8221;titlescript&#8221;] ARCHIVE PARIS [\/vc_column_text][vc_column_text] Archive Paris. L\u00e0 o\u00f9 la beaut\u00e9 devient \u00e9motion. [\/vc_column_text][\/vc_column_inner][vc_column_inner el_class=&#8221;right&#8221; width=&#8221;1\/4&#8243;][\/vc_column_inner][\/vc_row_inner][\/vc_column][\/vc_row][vc_row css=&#8221;.vc_custom_1777823388374{padding-bottom: 40px !important;}&#8221; [&hellip;]<\/p>\n","protected":false},"author":1,"featured_media":119377,"parent":0,"menu_order":0,"comment_status":"closed","ping_status":"closed","template":"","meta":{"footnotes":""},"class_list":["post-114189","page","type-page","status-publish","has-post-thumbnail","hentry"],"acf":[],"yoast_head":"<!-- This site is optimized with the Yoast SEO plugin v28.1 - https:\/\/yoast.com\/product\/yoast-seo-wordpress\/ -->\n<title>ARCHIVE PARIS - Enhance your beauty, enhance your excellence<\/title>\n<meta name=\"description\" content=\"ARCHIVE PARIS embodies excellence in beauty with natural and luxurious cosmetics, designed to enhance every woman. Combining innovation and know-how, the brand offers high-end products, such as make-up remover foams, moisturizing creams and revealing oils, reflecting a vision of well-being where perfection and elegance come together.\" \/>\n<meta name=\"robots\" content=\"index, follow, max-snippet:-1, max-image-preview:large, max-video-preview:-1\" \/>\n<link rel=\"canonical\" href=\"https:\/\/archiveparis.com\/en\/\" \/>\n<meta property=\"og:locale\" content=\"en_US\" \/>\n<meta property=\"og:type\" content=\"article\" \/>\n<meta property=\"og:title\" content=\"ARCHIVE PARIS - Enhance your beauty, enhance your excellence\" \/>\n<meta property=\"og:description\" content=\"ARCHIVE PARIS embodies excellence in beauty with natural and luxurious cosmetics, designed to enhance every woman. Combining innovation and know-how, the brand offers high-end products, such as make-up remover foams, moisturizing creams and revealing oils, reflecting a vision of well-being where perfection and elegance come together.\" \/>\n<meta property=\"og:url\" content=\"https:\/\/archiveparis.com\/en\/\" \/>\n<meta property=\"og:site_name\" content=\"Archive\" \/>\n<meta property=\"article:modified_time\" content=\"2026-05-03T20:22:04+00:00\" \/>\n<meta property=\"og:image\" content=\"https:\/\/sevmylook.lystes.prowp-content\/uploads\/2022\/06\/00B95246-B04D-421A-9258-542E36779735.jpeg\" \/>\n<meta name=\"twitter:card\" content=\"summary_large_image\" \/>\n<meta name=\"twitter:image\" content=\"https:\/\/sevmylook.lystes.prowp-content\/uploads\/2022\/06\/4DB655D4-3238-4930-B93E-357333A115A1.jpeg\" \/>\n<meta name=\"twitter:label1\" content=\"Est. reading time\" \/>\n\t<meta name=\"twitter:data1\" content=\"4 minutes\" \/>\n<script type=\"application\/ld+json\" class=\"yoast-schema-graph\">{\"@context\":\"https:\\\/\\\/schema.org\",\"@graph\":[{\"@type\":\"WebPage\",\"@id\":\"https:\\\/\\\/archiveparis.com\\\/en\\\/\",\"url\":\"https:\\\/\\\/archiveparis.com\\\/en\\\/\",\"name\":\"ARCHIVE PARIS - Enhance your beauty, enhance your excellence\",\"isPartOf\":{\"@id\":\"https:\\\/\\\/archiveparis.com\\\/en\\\/#website\"},\"primaryImageOfPage\":{\"@id\":\"https:\\\/\\\/archiveparis.com\\\/en\\\/#primaryimage\"},\"image\":{\"@id\":\"https:\\\/\\\/archiveparis.com\\\/en\\\/#primaryimage\"},\"thumbnailUrl\":\"https:\\\/\\\/i0.wp.com\\\/archiveparis.com\\\/wp-content\\\/uploads\\\/2025\\\/08\\\/WhatsApp-Image-2025-04-09-at-15.04.52-3-1.jpeg?fit=1600%2C800&ssl=1\",\"datePublished\":\"2022-01-14T11:10:14+00:00\",\"dateModified\":\"2026-05-03T20:22:04+00:00\",\"description\":\"ARCHIVE PARIS embodies excellence in beauty with natural and luxurious cosmetics, designed to enhance every woman. Combining innovation and know-how, the brand offers high-end products, such as make-up remover foams, moisturizing creams and revealing oils, reflecting a vision of well-being where perfection and elegance come together.\",\"breadcrumb\":{\"@id\":\"https:\\\/\\\/archiveparis.com\\\/en\\\/#breadcrumb\"},\"inLanguage\":\"en-US\",\"potentialAction\":[{\"@type\":\"ReadAction\",\"target\":[\"https:\\\/\\\/archiveparis.com\\\/en\\\/\"]}]},{\"@type\":\"ImageObject\",\"inLanguage\":\"en-US\",\"@id\":\"https:\\\/\\\/archiveparis.com\\\/en\\\/#primaryimage\",\"url\":\"https:\\\/\\\/i0.wp.com\\\/archiveparis.com\\\/wp-content\\\/uploads\\\/2025\\\/08\\\/WhatsApp-Image-2025-04-09-at-15.04.52-3-1.jpeg?fit=1600%2C800&ssl=1\",\"contentUrl\":\"https:\\\/\\\/i0.wp.com\\\/archiveparis.com\\\/wp-content\\\/uploads\\\/2025\\\/08\\\/WhatsApp-Image-2025-04-09-at-15.04.52-3-1.jpeg?fit=1600%2C800&ssl=1\",\"width\":1600,\"height\":800},{\"@type\":\"BreadcrumbList\",\"@id\":\"https:\\\/\\\/archiveparis.com\\\/en\\\/#breadcrumb\",\"itemListElement\":[{\"@type\":\"ListItem\",\"position\":1,\"name\":\"Accueil\",\"item\":\"https:\\\/\\\/archiveparis.com\\\/en\\\/\"},{\"@type\":\"ListItem\",\"position\":2,\"name\":\"ARCHIVE PARIS\"}]},{\"@type\":\"WebSite\",\"@id\":\"https:\\\/\\\/archiveparis.com\\\/en\\\/#website\",\"url\":\"https:\\\/\\\/archiveparis.com\\\/en\\\/\",\"name\":\"Archive\",\"description\":\"L&#039;excellence sinon rien\",\"potentialAction\":[{\"@type\":\"SearchAction\",\"target\":{\"@type\":\"EntryPoint\",\"urlTemplate\":\"https:\\\/\\\/archiveparis.com\\\/en\\\/?s={search_term_string}\"},\"query-input\":{\"@type\":\"PropertyValueSpecification\",\"valueRequired\":true,\"valueName\":\"search_term_string\"}}],\"inLanguage\":\"en-US\"}]}<\/script>\n<!-- \/ Yoast SEO plugin. -->","yoast_head_json":{"title":"ARCHIVE PARIS - Enhance your beauty, enhance your excellence","description":"ARCHIVE PARIS embodies excellence in beauty with natural and luxurious cosmetics, designed to enhance every woman. Combining innovation and know-how, the brand offers high-end products, such as make-up remover foams, moisturizing creams and revealing oils, reflecting a vision of well-being where perfection and elegance come together.","robots":{"index":"index","follow":"follow","max-snippet":"max-snippet:-1","max-image-preview":"max-image-preview:large","max-video-preview":"max-video-preview:-1"},"canonical":"https:\/\/archiveparis.com\/en\/","og_locale":"en_US","og_type":"article","og_title":"ARCHIVE PARIS - Enhance your beauty, enhance your excellence","og_description":"ARCHIVE PARIS embodies excellence in beauty with natural and luxurious cosmetics, designed to enhance every woman. Combining innovation and know-how, the brand offers high-end products, such as make-up remover foams, moisturizing creams and revealing oils, reflecting a vision of well-being where perfection and elegance come together.","og_url":"https:\/\/archiveparis.com\/en\/","og_site_name":"Archive","article_modified_time":"2026-05-03T20:22:04+00:00","og_image":[{"url":"https:\/\/sevmylook.lystes.prowp-content\/uploads\/2022\/06\/00B95246-B04D-421A-9258-542E36779735.jpeg","type":"","width":"","height":""}],"twitter_card":"summary_large_image","twitter_image":"https:\/\/sevmylook.lystes.prowp-content\/uploads\/2022\/06\/4DB655D4-3238-4930-B93E-357333A115A1.jpeg","twitter_misc":{"Est. reading time":"4 minutes"},"schema":{"@context":"https:\/\/schema.org","@graph":[{"@type":"WebPage","@id":"https:\/\/archiveparis.com\/en\/","url":"https:\/\/archiveparis.com\/en\/","name":"ARCHIVE PARIS - Enhance your beauty, enhance your excellence","isPartOf":{"@id":"https:\/\/archiveparis.com\/en\/#website"},"primaryImageOfPage":{"@id":"https:\/\/archiveparis.com\/en\/#primaryimage"},"image":{"@id":"https:\/\/archiveparis.com\/en\/#primaryimage"},"thumbnailUrl":"https:\/\/i0.wp.com\/archiveparis.com\/wp-content\/uploads\/2025\/08\/WhatsApp-Image-2025-04-09-at-15.04.52-3-1.jpeg?fit=1600%2C800&ssl=1","datePublished":"2022-01-14T11:10:14+00:00","dateModified":"2026-05-03T20:22:04+00:00","description":"ARCHIVE PARIS embodies excellence in beauty with natural and luxurious cosmetics, designed to enhance every woman. Combining innovation and know-how, the brand offers high-end products, such as make-up remover foams, moisturizing creams and revealing oils, reflecting a vision of well-being where perfection and elegance come together.","breadcrumb":{"@id":"https:\/\/archiveparis.com\/en\/#breadcrumb"},"inLanguage":"en-US","potentialAction":[{"@type":"ReadAction","target":["https:\/\/archiveparis.com\/en\/"]}]},{"@type":"ImageObject","inLanguage":"en-US","@id":"https:\/\/archiveparis.com\/en\/#primaryimage","url":"https:\/\/i0.wp.com\/archiveparis.com\/wp-content\/uploads\/2025\/08\/WhatsApp-Image-2025-04-09-at-15.04.52-3-1.jpeg?fit=1600%2C800&ssl=1","contentUrl":"https:\/\/i0.wp.com\/archiveparis.com\/wp-content\/uploads\/2025\/08\/WhatsApp-Image-2025-04-09-at-15.04.52-3-1.jpeg?fit=1600%2C800&ssl=1","width":1600,"height":800},{"@type":"BreadcrumbList","@id":"https:\/\/archiveparis.com\/en\/#breadcrumb","itemListElement":[{"@type":"ListItem","position":1,"name":"Accueil","item":"https:\/\/archiveparis.com\/en\/"},{"@type":"ListItem","position":2,"name":"ARCHIVE PARIS"}]},{"@type":"WebSite","@id":"https:\/\/archiveparis.com\/en\/#website","url":"https:\/\/archiveparis.com\/en\/","name":"Archive","description":"L&#039;excellence sinon rien","potentialAction":[{"@type":"SearchAction","target":{"@type":"EntryPoint","urlTemplate":"https:\/\/archiveparis.com\/en\/?s={search_term_string}"},"query-input":{"@type":"PropertyValueSpecification","valueRequired":true,"valueName":"search_term_string"}}],"inLanguage":"en-US"}]}},"_links":{"self":[{"href":"https:\/\/archiveparis.com\/en\/wp-json\/wp\/v2\/pages\/114189","targetHints":{"allow":["GET"]}}],"collection":[{"href":"https:\/\/archiveparis.com\/en\/wp-json\/wp\/v2\/pages"}],"about":[{"href":"https:\/\/archiveparis.com\/en\/wp-json\/wp\/v2\/types\/page"}],"author":[{"embeddable":true,"href":"https:\/\/archiveparis.com\/en\/wp-json\/wp\/v2\/users\/1"}],"replies":[{"embeddable":true,"href":"https:\/\/archiveparis.com\/en\/wp-json\/wp\/v2\/comments?post=114189"}],"version-history":[{"count":7,"href":"https:\/\/archiveparis.com\/en\/wp-json\/wp\/v2\/pages\/114189\/revisions"}],"predecessor-version":[{"id":119760,"href":"https:\/\/archiveparis.com\/en\/wp-json\/wp\/v2\/pages\/114189\/revisions\/119760"}],"wp:featuredmedia":[{"embeddable":true,"href":"https:\/\/archiveparis.com\/en\/wp-json\/wp\/v2\/media\/119377"}],"wp:attachment":[{"href":"https:\/\/archiveparis.com\/en\/wp-json\/wp\/v2\/media?parent=114189"}],"curies":[{"name":"wp","href":"https:\/\/api.w.org\/{rel}","templated":true}]}}